{"id":24446,"date":"2023-11-09T10:22:33","date_gmt":"2023-11-09T09:22:33","guid":{"rendered":"https:\/\/www.lecollectifdesfestivals.org\/collectif\/?post_type=mec-events&#038;p=24446"},"modified":"2024-06-05T17:27:02","modified_gmt":"2024-06-05T15:27:02","slug":"sensibilisation-vss-stmalo","status":"publish","type":"mec-events","link":"https:\/\/www.lecollectifdesfestivals.org\/collectif\/events\/sensibilisation-vss-stmalo\/","title":{"rendered":"Comprendre et agir contre les violences sexistes et sexuelles"},"content":{"rendered":"\n<p class=\"has-nv-site-bg-color has-neve-link-hover-color-background-color has-text-color has-background has-link-color wp-elements-5e174145ee8b841c44560ad32b35071d\">Cette session est compl\u00e8te ! Vous pouvez quand m\u00eame vous inscrire sur liste d&rsquo;attente via le formulaire ci-dessous. <br>D&rsquo;autres sessions, en Bretagne ou en visio, seront propos\u00e9es, surveillez notre agenda !<\/p>\n\n\n\n<p><em>Rencontre \u00e0 destination des acteurs et actrices du secteur culturel, b\u00e9n\u00e9voles ou salari\u00e9\u00b7es.<\/em><\/p>\n\n\n\n<p>La lutte contre le sexisme est une responsabilit\u00e9 collective, mais comment appr\u00e9hender le sujet et se mettre en action \u00e0 son \u00e9chelle ? Cette sensibilisation vous permettra de mieux vous positionner contre le sexisme, et agir au c\u00f4t\u00e9 des victimes : connaissance du cadre l\u00e9gal, r\u00e9flexes \u00e0 adopter, outils et ressources \u00e0 votre disposition. Pens\u00e9e pour le secteur de la musique dans le cadre du projet <a href=\"https:\/\/www.lecollectifdesfestivals.org\/collectif\/egalite-vss\/\">Stourm<\/a>, elle propose une approche globale du ph\u00e9nom\u00e8ne des violences sexistes et sexuelles, tant dans vos structures que sur les \u00e9v\u00e8nements.<\/p>\n\n\n\n<p><strong>Comp\u00e9tences vis\u00e9es <\/strong><\/p>\n\n\n\n<p>\u2022 Comprendre la notion de continuum des violences sexuelles.<br>\u2022 Identifier les risques sp\u00e9cifiques au secteur culturel.<br>\u2022 Conna\u00eetre ses droits et adopter les bons r\u00e9flexes face aux violences.<br>\u2022 Identifier les interlocuteur\u00b7ices et leur r\u00f4le en mati\u00e8re de lutte contre les violences dans son \u00e9v\u00e8nement, sa structure et \u00e0 l\u2019ext\u00e9rieur.<\/p>\n\n\n\n<p><strong>Programme<\/strong><\/p>\n\n\n\n<p>\u2022 Des apports sociologiques sur le sexisme et des violences sexuelles. <br>\u2022 Les risques sp\u00e9cifiques et de la pr\u00e9vention des violences dans le secteur culturel. <br>\u2022 Le cadre juridique des violences sexistes et sexuelles : d\u00e9finitions l\u00e9gales, r\u00f4les et obligations en mati\u00e8re de lutte contre les VSS. <br>\u2022 Les premiers r\u00e9flexes \u00e0 adopter en tant que victime, t\u00e9moin ou confident\u00b7e.<\/p>\n\n\n\n<p><strong>Intervenante<\/strong><\/p>\n\n\n\n<p>Alix Davasse, charg\u00e9e de mission lutte contre le sexisme dans le secteur des musiques actuelles. Apr\u00e8s un master en \u00e9tudes de genre elle a travaill\u00e9 dans des association de lutte contre les violences sexistes et sexuelles. Elle coordonne aujourd&rsquo;hui le projet Stourm port\u00e9 par le festival Astropolis, le Collectif des festivals, le collectif Orange Bleue, HF+ Bretagne et Supermab.<\/p>\n\n\n\n<p><strong>Inscription sur liste d&rsquo;attente<\/strong><\/p>\n\n\n<noscript class=\"ninja-forms-noscript-message\">\n\tRemarque\u00a0: JavaScript est requis pour ce contenu.<\/noscript>\nAucun champ trouv\u00e9.<div id=\"nf-form-99-cont\" class=\"nf-form-cont\" aria-live=\"polite\" aria-labelledby=\"nf-form-title-99\" aria-describedby=\"nf-form-errors-99\" role=\"form\">\n\n    <div class=\"nf-loading-spinner\"><\/div>\n\n<\/div>\n        <!-- That data is being printed as a workaround to page builders reordering the order of the scripts loaded-->\n        <script>var formDisplay=1;var nfForms=nfForms||[];var form=[];form.id='99';form.settings={\"ninjaForms\":\"Ninja Forms\",\"changeEmailErrorMsg\":\"Veuillez saisir une adresse de messagerie valide. Ex\\u00a0: jean.dupont@gmail.com\",\"changeDateErrorMsg\":\"Veuillez saisir une date valide\\u00a0!\",\"confirmFieldErrorMsg\":\"Ces champs doivent correspondre\\u00a0!\",\"fieldNumberNumMinError\":\"Erreur de nombre min.\",\"fieldNumberNumMaxError\":\"Erreur de nombre max.\",\"fieldNumberIncrementBy\":\"Veuillez incr\\u00e9menter par \",\"fieldTextareaRTEInsertLink\":\"Ins\\u00e9rer un lien\",\"fieldTextareaRTEInsertMedia\":\"Ins\\u00e9rer un m\\u00e9dia\",\"fieldTextareaRTESelectAFile\":\"S\\u00e9lectionnez un fichier\",\"formErrorsCorrectErrors\":\"Veuillez corriger les erreurs avant d\\u2019envoyer ce formulaire.\",\"formHoneypot\":\"Si vous \\u00eates un \\u00eatre humain et que vous voyez ce champ, veuillez le laisser vide.\",\"validateRequiredField\":\"Ce champ est obligatoire.\",\"honeypotHoneypotError\":\"Erreur Honeypot\",\"fileUploadOldCodeFileUploadInProgress\":\"T\\u00e9l\\u00e9versement du fichier en cours.\",\"fileUploadOldCodeFileUpload\":\"T\\u00c9L\\u00c9VERSEMENT DE FICHIER\",\"currencySymbol\":\"&euro;\",\"fieldsMarkedRequired\":\"Les champs marqu\\u00e9s d\\u2019un <span class=\\\"ninja-forms-req-symbol\\\">*<\\\/span> sont obligatoires\",\"thousands_sep\":\"\\u00a0\",\"decimal_point\":\",\",\"siteLocale\":\"fr_FR\",\"dateFormat\":\"d\\\/m\\\/Y\",\"startOfWeek\":\"1\",\"of\":\"sur\",\"previousMonth\":\"Mois pr\\u00e9c\\u00e9dent\",\"nextMonth\":\"Mois suivant\",\"months\":[\"Janvier\",\"F\\u00e9vrier\",\"Mars\",\"Avril\",\"Mai\",\"Juin\",\"Juillet\",\"Ao\\u00fbt\",\"Septembre\",\"Octobre\",\"Novembre\",\"D\\u00e9cembre\"],\"monthsShort\":[\"Jan\",\"F\\u00e9v\",\"Mar\",\"Avr\",\"Mai\",\"Juin\",\"Juil\",\"Ao\\u00fb\",\"Sep\",\"Oct\",\"Nov\",\"D\\u00e9c\"],\"weekdays\":[\"Dimanche\",\"Lundi\",\"Mardi\",\"Mercredi\",\"Jeudi\",\"Vendredi\",\"Samedi\"],\"weekdaysShort\":[\"Dim\",\"Lun\",\"Mar\",\"Mer\",\"Jeu\",\"Ven\",\"Sam\"],\"weekdaysMin\":[\"Di\",\"Lu\",\"Ma\",\"Me\",\"Je\",\"Ve\",\"Sa\"],\"recaptchaConsentMissing\":\"reCaptcha validation couldn&#039;t load.\",\"recaptchaMissingCookie\":\"reCaptcha v3 validation couldn&#039;t load the cookie needed to submit the form.\",\"recaptchaConsentEvent\":\"Accept reCaptcha cookies before sending the form.\",\"embed_form\":\"\",\"currency_symbol\":\"\",\"title\":\"\",\"beforeForm\":\"\",\"beforeFields\":\"\",\"afterFields\":\"\",\"afterForm\":\"\"};form.fields=[];nfForms.push(form);<\/script>\n        \n\n\n<p><\/p>\n","protected":false},"excerpt":{"rendered":"<p>Cette session est compl\u00e8te ! Vous pouvez quand m\u00eame vous inscrire sur liste d&rsquo;attente via le formulaire ci-dessous. D&rsquo;autres sessions, en Bretagne ou en visio, seront propos\u00e9es, surveillez notre agenda ! Rencontre \u00e0 destination des acteurs et actrices du secteur culturel, b\u00e9n\u00e9voles ou salari\u00e9\u00b7es. La lutte contre le sexisme est une responsabilit\u00e9 collective, mais comment&hellip;&nbsp;<a href=\"https:\/\/www.lecollectifdesfestivals.org\/collectif\/events\/sensibilisation-vss-stmalo\/\" rel=\"bookmark\">Lire la suite &raquo;<span class=\"screen-reader-text\">Comprendre et agir contre les violences sexistes et sexuelles<\/span><\/a><\/p>\n","protected":false},"author":1,"featured_media":0,"comment_status":"closed","ping_status":"closed","template":"","tags":[485],"mec_category":[484],"class_list":["post-24446","mec-events","type-mec-events","status-publish","hentry","tag-lutte-contre-le-sexisme","mec_category-sensibilisation"],"yoast_head":"<!-- This site is optimized with the Yoast SEO plugin v27.4 - https:\/\/yoast.com\/product\/yoast-seo-wordpress\/ -->\n<title>Comprendre et agir contre les violences sexistes et sexuelles &#8226; Le Collectif des festivals<\/title>\n<meta name=\"description\" content=\"La lutte contre le sexisme est une responsabilit\u00e9 collective, mais comment appr\u00e9hender le sujet et se mettre en action \u00e0 son \u00e9chelle ? Cette sensibilisation vous permettra de mieux vous positionner contre le sexisme, et agir au c\u00f4t\u00e9 des victimes\" \/>\n<meta name=\"robots\" content=\"index, follow, max-snippet:-1, max-image-preview:large, max-video-preview:-1\" \/>\n<link rel=\"canonical\" href=\"https:\/\/www.lecollectifdesfestivals.org\/collectif\/events\/sensibilisation-vss-stmalo\/\" \/>\n<meta property=\"og:locale\" content=\"fr_FR\" \/>\n<meta property=\"og:type\" content=\"article\" \/>\n<meta property=\"og:title\" content=\"Comprendre et agir contre les violences sexistes et sexuelles &#8226; Le Collectif des festivals\" \/>\n<meta property=\"og:description\" content=\"La lutte contre le sexisme est une responsabilit\u00e9 collective, mais comment appr\u00e9hender le sujet et se mettre en action \u00e0 son \u00e9chelle ? Cette sensibilisation vous permettra de mieux vous positionner contre le sexisme, et agir au c\u00f4t\u00e9 des victimes\" \/>\n<meta property=\"og:url\" content=\"https:\/\/www.lecollectifdesfestivals.org\/collectif\/events\/sensibilisation-vss-stmalo\/\" \/>\n<meta property=\"og:site_name\" content=\"Le Collectif des festivals\" \/>\n<meta property=\"article:publisher\" content=\"https:\/\/www.facebook.com\/LeCollectifDesFestivals\/\" \/>\n<meta property=\"article:modified_time\" content=\"2024-06-05T15:27:02+00:00\" \/>\n<meta name=\"twitter:card\" content=\"summary_large_image\" \/>\n<meta name=\"twitter:site\" content=\"@CollFestivals\" \/>\n<meta name=\"twitter:label1\" content=\"Dur\u00e9e de lecture estim\u00e9e\" \/>\n\t<meta name=\"twitter:data1\" content=\"2 minutes\" \/>\n<script type=\"application\/ld+json\" class=\"yoast-schema-graph\">{\"@context\":\"https:\\\/\\\/schema.org\",\"@graph\":[{\"@type\":\"WebPage\",\"@id\":\"https:\\\/\\\/www.lecollectifdesfestivals.org\\\/collectif\\\/events\\\/sensibilisation-vss-stmalo\\\/\",\"url\":\"https:\\\/\\\/www.lecollectifdesfestivals.org\\\/collectif\\\/events\\\/sensibilisation-vss-stmalo\\\/\",\"name\":\"Comprendre et agir contre les violences sexistes et sexuelles &#8226; Le Collectif des festivals\",\"isPartOf\":{\"@id\":\"https:\\\/\\\/www.lecollectifdesfestivals.org\\\/collectif\\\/#website\"},\"datePublished\":\"2023-11-09T09:22:33+00:00\",\"dateModified\":\"2024-06-05T15:27:02+00:00\",\"description\":\"La lutte contre le sexisme est une responsabilit\u00e9 collective, mais comment appr\u00e9hender le sujet et se mettre en action \u00e0 son \u00e9chelle ? Cette sensibilisation vous permettra de mieux vous positionner contre le sexisme, et agir au c\u00f4t\u00e9 des victimes\",\"breadcrumb\":{\"@id\":\"https:\\\/\\\/www.lecollectifdesfestivals.org\\\/collectif\\\/events\\\/sensibilisation-vss-stmalo\\\/#breadcrumb\"},\"inLanguage\":\"fr-FR\",\"potentialAction\":[{\"@type\":\"ReadAction\",\"target\":[\"https:\\\/\\\/www.lecollectifdesfestivals.org\\\/collectif\\\/events\\\/sensibilisation-vss-stmalo\\\/\"]}]},{\"@type\":\"BreadcrumbList\",\"@id\":\"https:\\\/\\\/www.lecollectifdesfestivals.org\\\/collectif\\\/events\\\/sensibilisation-vss-stmalo\\\/#breadcrumb\",\"itemListElement\":[{\"@type\":\"ListItem\",\"position\":1,\"name\":\"Accueil\",\"item\":\"https:\\\/\\\/www.lecollectifdesfestivals.org\\\/collectif\\\/\"},{\"@type\":\"ListItem\",\"position\":2,\"name\":\"\u00c9venements\",\"item\":\"https:\\\/\\\/www.lecollectifdesfestivals.org\\\/collectif\\\/events\\\/\"},{\"@type\":\"ListItem\",\"position\":3,\"name\":\"Comprendre et agir contre les violences sexistes et sexuelles\"}]},{\"@type\":\"WebSite\",\"@id\":\"https:\\\/\\\/www.lecollectifdesfestivals.org\\\/collectif\\\/#website\",\"url\":\"https:\\\/\\\/www.lecollectifdesfestivals.org\\\/collectif\\\/\",\"name\":\"Le Collectif des festivals\",\"description\":\"Depuis 2005, le Collectif des festivals accompagne les acteurices culturel\u00b7les dans leurs d\u00e9marches de d\u00e9veloppement durable.\",\"potentialAction\":[{\"@type\":\"SearchAction\",\"target\":{\"@type\":\"EntryPoint\",\"urlTemplate\":\"https:\\\/\\\/www.lecollectifdesfestivals.org\\\/collectif\\\/?s={search_term_string}\"},\"query-input\":{\"@type\":\"PropertyValueSpecification\",\"valueRequired\":true,\"valueName\":\"search_term_string\"}}],\"inLanguage\":\"fr-FR\"}]}<\/script>\n<!-- \/ Yoast SEO plugin. -->","yoast_head_json":{"title":"Comprendre et agir contre les violences sexistes et sexuelles &#8226; Le Collectif des festivals","description":"La lutte contre le sexisme est une responsabilit\u00e9 collective, mais comment appr\u00e9hender le sujet et se mettre en action \u00e0 son \u00e9chelle ? Cette sensibilisation vous permettra de mieux vous positionner contre le sexisme, et agir au c\u00f4t\u00e9 des victimes","robots":{"index":"index","follow":"follow","max-snippet":"max-snippet:-1","max-image-preview":"max-image-preview:large","max-video-preview":"max-video-preview:-1"},"canonical":"https:\/\/www.lecollectifdesfestivals.org\/collectif\/events\/sensibilisation-vss-stmalo\/","og_locale":"fr_FR","og_type":"article","og_title":"Comprendre et agir contre les violences sexistes et sexuelles &#8226; Le Collectif des festivals","og_description":"La lutte contre le sexisme est une responsabilit\u00e9 collective, mais comment appr\u00e9hender le sujet et se mettre en action \u00e0 son \u00e9chelle ? Cette sensibilisation vous permettra de mieux vous positionner contre le sexisme, et agir au c\u00f4t\u00e9 des victimes","og_url":"https:\/\/www.lecollectifdesfestivals.org\/collectif\/events\/sensibilisation-vss-stmalo\/","og_site_name":"Le Collectif des festivals","article_publisher":"https:\/\/www.facebook.com\/LeCollectifDesFestivals\/","article_modified_time":"2024-06-05T15:27:02+00:00","twitter_card":"summary_large_image","twitter_site":"@CollFestivals","twitter_misc":{"Dur\u00e9e de lecture estim\u00e9e":"2 minutes"},"schema":{"@context":"https:\/\/schema.org","@graph":[{"@type":"WebPage","@id":"https:\/\/www.lecollectifdesfestivals.org\/collectif\/events\/sensibilisation-vss-stmalo\/","url":"https:\/\/www.lecollectifdesfestivals.org\/collectif\/events\/sensibilisation-vss-stmalo\/","name":"Comprendre et agir contre les violences sexistes et sexuelles &#8226; Le Collectif des festivals","isPartOf":{"@id":"https:\/\/www.lecollectifdesfestivals.org\/collectif\/#website"},"datePublished":"2023-11-09T09:22:33+00:00","dateModified":"2024-06-05T15:27:02+00:00","description":"La lutte contre le sexisme est une responsabilit\u00e9 collective, mais comment appr\u00e9hender le sujet et se mettre en action \u00e0 son \u00e9chelle ? Cette sensibilisation vous permettra de mieux vous positionner contre le sexisme, et agir au c\u00f4t\u00e9 des victimes","breadcrumb":{"@id":"https:\/\/www.lecollectifdesfestivals.org\/collectif\/events\/sensibilisation-vss-stmalo\/#breadcrumb"},"inLanguage":"fr-FR","potentialAction":[{"@type":"ReadAction","target":["https:\/\/www.lecollectifdesfestivals.org\/collectif\/events\/sensibilisation-vss-stmalo\/"]}]},{"@type":"BreadcrumbList","@id":"https:\/\/www.lecollectifdesfestivals.org\/collectif\/events\/sensibilisation-vss-stmalo\/#breadcrumb","itemListElement":[{"@type":"ListItem","position":1,"name":"Accueil","item":"https:\/\/www.lecollectifdesfestivals.org\/collectif\/"},{"@type":"ListItem","position":2,"name":"\u00c9venements","item":"https:\/\/www.lecollectifdesfestivals.org\/collectif\/events\/"},{"@type":"ListItem","position":3,"name":"Comprendre et agir contre les violences sexistes et sexuelles"}]},{"@type":"WebSite","@id":"https:\/\/www.lecollectifdesfestivals.org\/collectif\/#website","url":"https:\/\/www.lecollectifdesfestivals.org\/collectif\/","name":"Le Collectif des festivals","description":"Depuis 2005, le Collectif des festivals accompagne les acteurices culturel\u00b7les dans leurs d\u00e9marches de d\u00e9veloppement durable.","potentialAction":[{"@type":"SearchAction","target":{"@type":"EntryPoint","urlTemplate":"https:\/\/www.lecollectifdesfestivals.org\/collectif\/?s={search_term_string}"},"query-input":{"@type":"PropertyValueSpecification","valueRequired":true,"valueName":"search_term_string"}}],"inLanguage":"fr-FR"}]}},"_links":{"self":[{"href":"https:\/\/www.lecollectifdesfestivals.org\/collectif\/wp-json\/wp\/v2\/mec-events\/24446","targetHints":{"allow":["GET"]}}],"collection":[{"href":"https:\/\/www.lecollectifdesfestivals.org\/collectif\/wp-json\/wp\/v2\/mec-events"}],"about":[{"href":"https:\/\/www.lecollectifdesfestivals.org\/collectif\/wp-json\/wp\/v2\/types\/mec-events"}],"author":[{"embeddable":true,"href":"https:\/\/www.lecollectifdesfestivals.org\/collectif\/wp-json\/wp\/v2\/users\/1"}],"replies":[{"embeddable":true,"href":"https:\/\/www.lecollectifdesfestivals.org\/collectif\/wp-json\/wp\/v2\/comments?post=24446"}],"wp:attachment":[{"href":"https:\/\/www.lecollectifdesfestivals.org\/collectif\/wp-json\/wp\/v2\/media?parent=24446"}],"wp:term":[{"taxonomy":"post_tag","embeddable":true,"href":"https:\/\/www.lecollectifdesfestivals.org\/collectif\/wp-json\/wp\/v2\/tags?post=24446"},{"taxonomy":"mec_category","embeddable":true,"href":"https:\/\/www.lecollectifdesfestivals.org\/collectif\/wp-json\/wp\/v2\/mec_category?post=24446"}],"curies":[{"name":"wp","href":"https:\/\/api.w.org\/{rel}","templated":true}]}}