{"id":25701,"date":"2024-05-14T14:17:20","date_gmt":"2024-05-14T12:17:20","guid":{"rendered":"https:\/\/www.lecollectifdesfestivals.org\/collectif\/?post_type=mec-events&#038;p=25701"},"modified":"2024-06-06T11:01:07","modified_gmt":"2024-06-06T09:01:07","slug":"tr-echo-festival","status":"publish","type":"mec-events","link":"https:\/\/www.lecollectifdesfestivals.org\/collectif\/events\/tr-echo-festival\/","title":{"rendered":"Anticiper et s\u2019adapter au d\u00e9r\u00e8glement climatique &#8211; Comment penser nos propositions artistiques et culturelles sur le territoire brestois \u00e0 horizon 2050 ?"},"content":{"rendered":"\n<p><em><strong>Une rencontre organis\u00e9e dans le cadre de l&rsquo;<a href=\"https:\/\/www.lacarene.fr\/l-echo-festival-2.html#:~:text=L'Echo%20Festival%20est%20un,au%20c%C5%93ur%20de%20leurs%20pr%C3%A9occupations.\">Echo Festival<\/a> en partenariat avec la Car\u00e8ne.<\/strong><\/em><\/p>\n\n\n\n<p>Brest, ville portuaire dynamique de la r\u00e9gion Bretagne, doit\/devra faire face \u00e0 des d\u00e9fis croissants li\u00e9s au d\u00e9r\u00e8glement climatique. L&rsquo;\u00e9l\u00e9vation du niveau de la mer, les temp\u00eates plus fr\u00e9quentes, les \u00e9pisodes de chaleur extr\u00eame et les pr\u00e9cipitations abondantes sont autant de ph\u00e9nom\u00e8nes auxquels la ville et ces territoires limitrophes devra faire face dans les d\u00e9cennies \u00e0 venir. En tant qu\u2019acteur\u2e31rices culturel\u2e31les, il est imp\u00e9ratif que nous anticipions ces changements et que nous nous adaptions pour garantir la r\u00e9silience de notre territoire et de sa population.<br>Lors de cette table ronde, notre objectif est d&rsquo;explorer comment les acteurices artistiques et culturel\u2e31les peuvent int\u00e9grer les d\u00e9fis climatiques (et environnementaux) dans leurs strat\u00e9gies et la vision de leurs pratiques actuelles. Nous discuterons des opportunit\u00e9s, des d\u00e9fis et des strat\u00e9gies \u00e0 envisager pour int\u00e9grer ces enjeux dans nos pratiques et nos propositions culturelles.<\/p>\n\n\n\n<p><strong>Intervenant\u2e31es&nbsp;:<\/strong><\/p>\n\n\n\n<p>\u2022 Anne-Marie Tr\u00e9guier, co-pr\u00e9sidente du Haut Conseil Breton pour le Climat.<br>\u2022 Fran\u00e7ois Rivoal, Directeur des dynamiques territoriales de l\u2019ADEUPa Brest.<br>\u2022 Gwenn Potard, Directeur Adjoint &#8211; Culture Animation, Brest m\u00e9tropole \/ Ville de Brest.<br>\u2022 Ma\u00eblle Le Gou\u00ebfflec, Directrice de La Car\u00e8ne.<br>\u2022 Maxime Mol\u00e9 \u2013 Le Collectif des festivals\u00a0: Animation et panorama des dynamiques \u00e0 l\u2019\u0153uvre dans le secteur culturel.<\/p>\n\n\n\n<div style=\"height:50px\" aria-hidden=\"true\" class=\"wp-block-spacer\"><\/div>\n\n\n\n<p><\/p>\n\n\n\n<p><\/p>\n\n\n\n<hr class=\"wp-block-separator has-text-color has-nv-light-bg-color has-alpha-channel-opacity has-nv-light-bg-background-color has-background is-style-default\"\/>\n\n\n\n<p><strong>Inscription<\/strong><\/p>\n\n\n<noscript class=\"ninja-forms-noscript-message\">\n\tRemarque\u00a0: JavaScript est requis pour ce contenu.<\/noscript>\nAucun champ trouv\u00e9.<div id=\"nf-form-123-cont\" class=\"nf-form-cont\" aria-live=\"polite\" aria-labelledby=\"nf-form-title-123\" aria-describedby=\"nf-form-errors-123\" role=\"form\">\n\n    <div class=\"nf-loading-spinner\"><\/div>\n\n<\/div>\n        <!-- That data is being printed as a workaround to page builders reordering the order of the scripts loaded-->\n        <script>var formDisplay=1;var nfForms=nfForms||[];var form=[];form.id='123';form.settings={\"ninjaForms\":\"Ninja Forms\",\"changeEmailErrorMsg\":\"Veuillez saisir une adresse de messagerie valide. Ex\\u00a0: jean.dupont@gmail.com\",\"changeDateErrorMsg\":\"Veuillez saisir une date valide\\u00a0!\",\"confirmFieldErrorMsg\":\"Ces champs doivent correspondre\\u00a0!\",\"fieldNumberNumMinError\":\"Erreur de nombre min.\",\"fieldNumberNumMaxError\":\"Erreur de nombre max.\",\"fieldNumberIncrementBy\":\"Veuillez incr\\u00e9menter par \",\"fieldTextareaRTEInsertLink\":\"Ins\\u00e9rer un lien\",\"fieldTextareaRTEInsertMedia\":\"Ins\\u00e9rer un m\\u00e9dia\",\"fieldTextareaRTESelectAFile\":\"S\\u00e9lectionnez un fichier\",\"formErrorsCorrectErrors\":\"Veuillez corriger les erreurs avant d\\u2019envoyer ce formulaire.\",\"formHoneypot\":\"Si vous \\u00eates un \\u00eatre humain et que vous voyez ce champ, veuillez le laisser vide.\",\"validateRequiredField\":\"Ce champ est obligatoire.\",\"honeypotHoneypotError\":\"Erreur Honeypot\",\"fileUploadOldCodeFileUploadInProgress\":\"T\\u00e9l\\u00e9versement du fichier en cours.\",\"fileUploadOldCodeFileUpload\":\"T\\u00c9L\\u00c9VERSEMENT DE FICHIER\",\"currencySymbol\":\"&euro;\",\"fieldsMarkedRequired\":\"Les champs marqu\\u00e9s d\\u2019un <span class=\\\"ninja-forms-req-symbol\\\">*<\\\/span> sont obligatoires\",\"thousands_sep\":\"\\u00a0\",\"decimal_point\":\",\",\"siteLocale\":\"fr_FR\",\"dateFormat\":\"d\\\/m\\\/Y\",\"startOfWeek\":\"1\",\"of\":\"sur\",\"previousMonth\":\"Mois pr\\u00e9c\\u00e9dent\",\"nextMonth\":\"Mois suivant\",\"months\":[\"Janvier\",\"F\\u00e9vrier\",\"Mars\",\"Avril\",\"Mai\",\"Juin\",\"Juillet\",\"Ao\\u00fbt\",\"Septembre\",\"Octobre\",\"Novembre\",\"D\\u00e9cembre\"],\"monthsShort\":[\"Jan\",\"F\\u00e9v\",\"Mar\",\"Avr\",\"Mai\",\"Juin\",\"Juil\",\"Ao\\u00fb\",\"Sep\",\"Oct\",\"Nov\",\"D\\u00e9c\"],\"weekdays\":[\"Dimanche\",\"Lundi\",\"Mardi\",\"Mercredi\",\"Jeudi\",\"Vendredi\",\"Samedi\"],\"weekdaysShort\":[\"Dim\",\"Lun\",\"Mar\",\"Mer\",\"Jeu\",\"Ven\",\"Sam\"],\"weekdaysMin\":[\"Di\",\"Lu\",\"Ma\",\"Me\",\"Je\",\"Ve\",\"Sa\"],\"recaptchaConsentMissing\":\"reCaptcha validation couldn&#039;t load.\",\"recaptchaMissingCookie\":\"reCaptcha v3 validation couldn&#039;t load the cookie needed to submit the form.\",\"recaptchaConsentEvent\":\"Accept reCaptcha cookies before sending the form.\",\"embed_form\":\"\",\"currency_symbol\":\"\",\"title\":\"\",\"beforeForm\":\"\",\"beforeFields\":\"\",\"afterFields\":\"\",\"afterForm\":\"\"};form.fields=[];nfForms.push(form);<\/script>\n        \n","protected":false},"excerpt":{"rendered":"<p>Une rencontre organis\u00e9e dans le cadre de l&rsquo;Echo Festival en partenariat avec la Car\u00e8ne. Brest, ville portuaire dynamique de la r\u00e9gion Bretagne, doit\/devra faire face \u00e0 des d\u00e9fis croissants li\u00e9s au d\u00e9r\u00e8glement climatique. L&rsquo;\u00e9l\u00e9vation du niveau de la mer, les temp\u00eates plus fr\u00e9quentes, les \u00e9pisodes de chaleur extr\u00eame et les pr\u00e9cipitations abondantes sont autant de&hellip;&nbsp;<a href=\"https:\/\/www.lecollectifdesfestivals.org\/collectif\/events\/tr-echo-festival\/\" rel=\"bookmark\">Lire la suite &raquo;<span class=\"screen-reader-text\">Anticiper et s\u2019adapter au d\u00e9r\u00e8glement climatique &#8211; Comment penser nos propositions artistiques et culturelles sur le territoire brestois \u00e0 horizon 2050 ?<\/span><\/a><\/p>\n","protected":false},"author":1,"featured_media":0,"comment_status":"closed","ping_status":"closed","template":"","tags":[486],"mec_category":[482],"class_list":["post-25701","mec-events","type-mec-events","status-publish","hentry","tag-pilotage","mec_category-table-ronde-2"],"yoast_head":"<!-- This site is optimized with the Yoast SEO plugin v27.4 - https:\/\/yoast.com\/product\/yoast-seo-wordpress\/ -->\n<title>Anticiper et s\u2019adapter au d\u00e9r\u00e8glement climatique - Comment penser nos propositions artistiques et culturelles sur le territoire brestois \u00e0 horizon 2050 ? &#8226; Le Collectif des festivals<\/title>\n<meta name=\"robots\" content=\"index, follow, max-snippet:-1, max-image-preview:large, max-video-preview:-1\" \/>\n<link rel=\"canonical\" href=\"https:\/\/www.lecollectifdesfestivals.org\/collectif\/events\/tr-echo-festival\/\" \/>\n<meta property=\"og:locale\" content=\"fr_FR\" \/>\n<meta property=\"og:type\" content=\"article\" \/>\n<meta property=\"og:title\" content=\"Anticiper et s\u2019adapter au d\u00e9r\u00e8glement climatique - Comment penser nos propositions artistiques et culturelles sur le territoire brestois \u00e0 horizon 2050 ? &#8226; Le Collectif des festivals\" \/>\n<meta property=\"og:description\" content=\"Une rencontre organis\u00e9e dans le cadre de l&rsquo;Echo Festival en partenariat avec la Car\u00e8ne. Brest, ville portuaire dynamique de la r\u00e9gion Bretagne, doit\/devra faire face \u00e0 des d\u00e9fis croissants li\u00e9s au d\u00e9r\u00e8glement climatique. L&rsquo;\u00e9l\u00e9vation du niveau de la mer, les temp\u00eates plus fr\u00e9quentes, les \u00e9pisodes de chaleur extr\u00eame et les pr\u00e9cipitations abondantes sont autant de&hellip;&nbsp;Lire la suite &raquo;Anticiper et s\u2019adapter au d\u00e9r\u00e8glement climatique &#8211; Comment penser nos propositions artistiques et culturelles sur le territoire brestois \u00e0 horizon 2050 ?\" \/>\n<meta property=\"og:url\" content=\"https:\/\/www.lecollectifdesfestivals.org\/collectif\/events\/tr-echo-festival\/\" \/>\n<meta property=\"og:site_name\" content=\"Le Collectif des festivals\" \/>\n<meta property=\"article:publisher\" content=\"https:\/\/www.facebook.com\/LeCollectifDesFestivals\/\" \/>\n<meta property=\"article:modified_time\" content=\"2024-06-06T09:01:07+00:00\" \/>\n<meta name=\"twitter:card\" content=\"summary_large_image\" \/>\n<meta name=\"twitter:site\" content=\"@CollFestivals\" \/>\n<meta name=\"twitter:label1\" content=\"Dur\u00e9e de lecture estim\u00e9e\" \/>\n\t<meta name=\"twitter:data1\" content=\"2 minutes\" \/>\n<script type=\"application\/ld+json\" class=\"yoast-schema-graph\">{\"@context\":\"https:\\\/\\\/schema.org\",\"@graph\":[{\"@type\":\"WebPage\",\"@id\":\"https:\\\/\\\/www.lecollectifdesfestivals.org\\\/collectif\\\/events\\\/tr-echo-festival\\\/\",\"url\":\"https:\\\/\\\/www.lecollectifdesfestivals.org\\\/collectif\\\/events\\\/tr-echo-festival\\\/\",\"name\":\"Anticiper et s\u2019adapter au d\u00e9r\u00e8glement climatique - Comment penser nos propositions artistiques et culturelles sur le territoire brestois \u00e0 horizon 2050 ? &#8226; Le Collectif des festivals\",\"isPartOf\":{\"@id\":\"https:\\\/\\\/www.lecollectifdesfestivals.org\\\/collectif\\\/#website\"},\"datePublished\":\"2024-05-14T12:17:20+00:00\",\"dateModified\":\"2024-06-06T09:01:07+00:00\",\"breadcrumb\":{\"@id\":\"https:\\\/\\\/www.lecollectifdesfestivals.org\\\/collectif\\\/events\\\/tr-echo-festival\\\/#breadcrumb\"},\"inLanguage\":\"fr-FR\",\"potentialAction\":[{\"@type\":\"ReadAction\",\"target\":[\"https:\\\/\\\/www.lecollectifdesfestivals.org\\\/collectif\\\/events\\\/tr-echo-festival\\\/\"]}]},{\"@type\":\"BreadcrumbList\",\"@id\":\"https:\\\/\\\/www.lecollectifdesfestivals.org\\\/collectif\\\/events\\\/tr-echo-festival\\\/#breadcrumb\",\"itemListElement\":[{\"@type\":\"ListItem\",\"position\":1,\"name\":\"Accueil\",\"item\":\"https:\\\/\\\/www.lecollectifdesfestivals.org\\\/collectif\\\/\"},{\"@type\":\"ListItem\",\"position\":2,\"name\":\"\u00c9venements\",\"item\":\"https:\\\/\\\/www.lecollectifdesfestivals.org\\\/collectif\\\/events\\\/\"},{\"@type\":\"ListItem\",\"position\":3,\"name\":\"Anticiper et s\u2019adapter au d\u00e9r\u00e8glement climatique &#8211; Comment penser nos propositions artistiques et culturelles sur le territoire brestois \u00e0 horizon 2050 ?\"}]},{\"@type\":\"WebSite\",\"@id\":\"https:\\\/\\\/www.lecollectifdesfestivals.org\\\/collectif\\\/#website\",\"url\":\"https:\\\/\\\/www.lecollectifdesfestivals.org\\\/collectif\\\/\",\"name\":\"Le Collectif des festivals\",\"description\":\"Depuis 2005, le Collectif des festivals accompagne les acteurices culturel\u00b7les dans leurs d\u00e9marches de d\u00e9veloppement durable.\",\"potentialAction\":[{\"@type\":\"SearchAction\",\"target\":{\"@type\":\"EntryPoint\",\"urlTemplate\":\"https:\\\/\\\/www.lecollectifdesfestivals.org\\\/collectif\\\/?s={search_term_string}\"},\"query-input\":{\"@type\":\"PropertyValueSpecification\",\"valueRequired\":true,\"valueName\":\"search_term_string\"}}],\"inLanguage\":\"fr-FR\"}]}<\/script>\n<!-- \/ Yoast SEO plugin. -->","yoast_head_json":{"title":"Anticiper et s\u2019adapter au d\u00e9r\u00e8glement climatique - Comment penser nos propositions artistiques et culturelles sur le territoire brestois \u00e0 horizon 2050 ? &#8226; Le Collectif des festivals","robots":{"index":"index","follow":"follow","max-snippet":"max-snippet:-1","max-image-preview":"max-image-preview:large","max-video-preview":"max-video-preview:-1"},"canonical":"https:\/\/www.lecollectifdesfestivals.org\/collectif\/events\/tr-echo-festival\/","og_locale":"fr_FR","og_type":"article","og_title":"Anticiper et s\u2019adapter au d\u00e9r\u00e8glement climatique - Comment penser nos propositions artistiques et culturelles sur le territoire brestois \u00e0 horizon 2050 ? &#8226; Le Collectif des festivals","og_description":"Une rencontre organis\u00e9e dans le cadre de l&rsquo;Echo Festival en partenariat avec la Car\u00e8ne. Brest, ville portuaire dynamique de la r\u00e9gion Bretagne, doit\/devra faire face \u00e0 des d\u00e9fis croissants li\u00e9s au d\u00e9r\u00e8glement climatique. L&rsquo;\u00e9l\u00e9vation du niveau de la mer, les temp\u00eates plus fr\u00e9quentes, les \u00e9pisodes de chaleur extr\u00eame et les pr\u00e9cipitations abondantes sont autant de&hellip;&nbsp;Lire la suite &raquo;Anticiper et s\u2019adapter au d\u00e9r\u00e8glement climatique &#8211; Comment penser nos propositions artistiques et culturelles sur le territoire brestois \u00e0 horizon 2050 ?","og_url":"https:\/\/www.lecollectifdesfestivals.org\/collectif\/events\/tr-echo-festival\/","og_site_name":"Le Collectif des festivals","article_publisher":"https:\/\/www.facebook.com\/LeCollectifDesFestivals\/","article_modified_time":"2024-06-06T09:01:07+00:00","twitter_card":"summary_large_image","twitter_site":"@CollFestivals","twitter_misc":{"Dur\u00e9e de lecture estim\u00e9e":"2 minutes"},"schema":{"@context":"https:\/\/schema.org","@graph":[{"@type":"WebPage","@id":"https:\/\/www.lecollectifdesfestivals.org\/collectif\/events\/tr-echo-festival\/","url":"https:\/\/www.lecollectifdesfestivals.org\/collectif\/events\/tr-echo-festival\/","name":"Anticiper et s\u2019adapter au d\u00e9r\u00e8glement climatique - Comment penser nos propositions artistiques et culturelles sur le territoire brestois \u00e0 horizon 2050 ? &#8226; Le Collectif des festivals","isPartOf":{"@id":"https:\/\/www.lecollectifdesfestivals.org\/collectif\/#website"},"datePublished":"2024-05-14T12:17:20+00:00","dateModified":"2024-06-06T09:01:07+00:00","breadcrumb":{"@id":"https:\/\/www.lecollectifdesfestivals.org\/collectif\/events\/tr-echo-festival\/#breadcrumb"},"inLanguage":"fr-FR","potentialAction":[{"@type":"ReadAction","target":["https:\/\/www.lecollectifdesfestivals.org\/collectif\/events\/tr-echo-festival\/"]}]},{"@type":"BreadcrumbList","@id":"https:\/\/www.lecollectifdesfestivals.org\/collectif\/events\/tr-echo-festival\/#breadcrumb","itemListElement":[{"@type":"ListItem","position":1,"name":"Accueil","item":"https:\/\/www.lecollectifdesfestivals.org\/collectif\/"},{"@type":"ListItem","position":2,"name":"\u00c9venements","item":"https:\/\/www.lecollectifdesfestivals.org\/collectif\/events\/"},{"@type":"ListItem","position":3,"name":"Anticiper et s\u2019adapter au d\u00e9r\u00e8glement climatique &#8211; Comment penser nos propositions artistiques et culturelles sur le territoire brestois \u00e0 horizon 2050 ?"}]},{"@type":"WebSite","@id":"https:\/\/www.lecollectifdesfestivals.org\/collectif\/#website","url":"https:\/\/www.lecollectifdesfestivals.org\/collectif\/","name":"Le Collectif des festivals","description":"Depuis 2005, le Collectif des festivals accompagne les acteurices culturel\u00b7les dans leurs d\u00e9marches de d\u00e9veloppement durable.","potentialAction":[{"@type":"SearchAction","target":{"@type":"EntryPoint","urlTemplate":"https:\/\/www.lecollectifdesfestivals.org\/collectif\/?s={search_term_string}"},"query-input":{"@type":"PropertyValueSpecification","valueRequired":true,"valueName":"search_term_string"}}],"inLanguage":"fr-FR"}]}},"_links":{"self":[{"href":"https:\/\/www.lecollectifdesfestivals.org\/collectif\/wp-json\/wp\/v2\/mec-events\/25701","targetHints":{"allow":["GET"]}}],"collection":[{"href":"https:\/\/www.lecollectifdesfestivals.org\/collectif\/wp-json\/wp\/v2\/mec-events"}],"about":[{"href":"https:\/\/www.lecollectifdesfestivals.org\/collectif\/wp-json\/wp\/v2\/types\/mec-events"}],"author":[{"embeddable":true,"href":"https:\/\/www.lecollectifdesfestivals.org\/collectif\/wp-json\/wp\/v2\/users\/1"}],"replies":[{"embeddable":true,"href":"https:\/\/www.lecollectifdesfestivals.org\/collectif\/wp-json\/wp\/v2\/comments?post=25701"}],"wp:attachment":[{"href":"https:\/\/www.lecollectifdesfestivals.org\/collectif\/wp-json\/wp\/v2\/media?parent=25701"}],"wp:term":[{"taxonomy":"post_tag","embeddable":true,"href":"https:\/\/www.lecollectifdesfestivals.org\/collectif\/wp-json\/wp\/v2\/tags?post=25701"},{"taxonomy":"mec_category","embeddable":true,"href":"https:\/\/www.lecollectifdesfestivals.org\/collectif\/wp-json\/wp\/v2\/mec_category?post=25701"}],"curies":[{"name":"wp","href":"https:\/\/api.w.org\/{rel}","templated":true}]}}