{"id":26625,"date":"2024-07-09T14:34:23","date_gmt":"2024-07-09T12:34:23","guid":{"rendered":"https:\/\/www.lecollectifdesfestivals.org\/collectif\/?post_type=mec-events&#038;p=26625"},"modified":"2025-04-24T09:27:49","modified_gmt":"2025-04-24T07:27:49","slug":"atelier-biodiversite","status":"publish","type":"mec-events","link":"https:\/\/www.lecollectifdesfestivals.org\/collectif\/events\/atelier-biodiversite\/","title":{"rendered":"Comprendre les enjeux de biodiversit\u00e9 et respecter le site naturel des \u00e9v\u00e8nements"},"content":{"rendered":"\n<p><em>Atelier ouvert aux organisateurices d&rsquo;\u00e9v\u00e8nements culturels et sportifs.<\/em><br><em>Maison de la Baie, Saint-Brieuc<\/em><\/p>\n\n\n\n<p>La biodiversit\u00e9 est au c\u0153ur de nos vies. Mieux la conna\u00eetre, c&rsquo;est mieux comprendre les enjeux de la pr\u00e9server, au niveau mondial et local. Dans le cadre d&rsquo;un \u00e9v\u00e8nement sportif et culturel, o\u00f9 bien souvent la nature environnante est un atout, un facteur d&rsquo;attractivit\u00e9 et de satisfaction, les enjeux sont dupliqu\u00e9s : quels impacts potentiels ? Quelles r\u00e9glementations ? Comment respecter le site, qu&rsquo;il soit naturel, urbain, rural ou encore littoral ? Comment agir et sensibiliser les participant\u00b7es ? Le Collectif des festivals et le CROS Bretagne vous propose un temps de sensibilisation dans un lieu plein de sens pour comprendre, partager, agir et prot\u00e9ger la biodiversit\u00e9 lors de vos prochains \u00e9v\u00e8nements.<\/p>\n\n\n\n<p><strong>Objectifs<\/strong><br>\u2022 Conna\u00eetre la r\u00e8glementation en vigueur et les d\u00e9marches \u00e0 effectuer,<br>\u2022 Cerner les impacts de votre manifestation<br>\u2022 D\u00e9finir les pistes d\u2019actions et de sensibilisation en trouvant les bons partenaires<\/p>\n\n\n\n<p><strong>D\u00e9roul\u00e9<\/strong><br>\u2022 Point r\u00e8glementaire espaces naturels prot\u00e9g\u00e9s et Natura 2000<br>\u2022 Ateliers collectifs sur les impacts et les solutions pour pr\u00e9server le site<br>\u2022 Interventions de l&rsquo;agence bretonne de la biodiversit\u00e9 &nbsp;et de la DREAL<\/p>\n\n\n\n<p><strong>Intervenant\u00b7es<\/strong><br>\u2022 DREAL<br>\u2022 Agence bretonne de la biodiversit\u00e9<\/p>\n\n\n\n<hr class=\"wp-block-separator has-alpha-channel-opacity is-style-default\"\/>\n\n\n\n<p><strong>Inscriptions closes<\/strong><\/p>\n","protected":false},"excerpt":{"rendered":"<p>Atelier ouvert aux organisateurices d&rsquo;\u00e9v\u00e8nements culturels et sportifs.Maison de la Baie, Saint-Brieuc La biodiversit\u00e9 est au c\u0153ur de nos vies. Mieux la conna\u00eetre, c&rsquo;est mieux comprendre les enjeux de la pr\u00e9server, au niveau mondial et local. Dans le cadre d&rsquo;un \u00e9v\u00e8nement sportif et culturel, o\u00f9 bien souvent la nature environnante est un atout, un facteur&hellip;&nbsp;<a href=\"https:\/\/www.lecollectifdesfestivals.org\/collectif\/events\/atelier-biodiversite\/\" rel=\"bookmark\">Lire la suite &raquo;<span class=\"screen-reader-text\">Comprendre les enjeux de biodiversit\u00e9 et respecter le site naturel des \u00e9v\u00e8nements<\/span><\/a><\/p>\n","protected":false},"author":1,"featured_media":0,"comment_status":"closed","ping_status":"closed","template":"","tags":[],"mec_category":[358],"class_list":["post-26625","mec-events","type-mec-events","status-publish","hentry","mec_category-table-ronde"],"yoast_head":"<!-- This site is optimized with the Yoast SEO plugin v27.4 - https:\/\/yoast.com\/product\/yoast-seo-wordpress\/ -->\n<title>Comprendre les enjeux de biodiversit\u00e9 et respecter le site naturel des \u00e9v\u00e8nements &#8226; Le Collectif des festivals<\/title>\n<meta name=\"robots\" content=\"index, follow, max-snippet:-1, max-image-preview:large, max-video-preview:-1\" \/>\n<link rel=\"canonical\" href=\"https:\/\/www.lecollectifdesfestivals.org\/collectif\/events\/atelier-biodiversite\/\" \/>\n<meta property=\"og:locale\" content=\"fr_FR\" \/>\n<meta property=\"og:type\" content=\"article\" \/>\n<meta property=\"og:title\" content=\"Comprendre les enjeux de biodiversit\u00e9 et respecter le site naturel des \u00e9v\u00e8nements &#8226; Le Collectif des festivals\" \/>\n<meta property=\"og:description\" content=\"Atelier ouvert aux organisateurices d&rsquo;\u00e9v\u00e8nements culturels et sportifs.Maison de la Baie, Saint-Brieuc La biodiversit\u00e9 est au c\u0153ur de nos vies. Mieux la conna\u00eetre, c&rsquo;est mieux comprendre les enjeux de la pr\u00e9server, au niveau mondial et local. Dans le cadre d&rsquo;un \u00e9v\u00e8nement sportif et culturel, o\u00f9 bien souvent la nature environnante est un atout, un facteur&hellip;&nbsp;Lire la suite &raquo;Comprendre les enjeux de biodiversit\u00e9 et respecter le site naturel des \u00e9v\u00e8nements\" \/>\n<meta property=\"og:url\" content=\"https:\/\/www.lecollectifdesfestivals.org\/collectif\/events\/atelier-biodiversite\/\" \/>\n<meta property=\"og:site_name\" content=\"Le Collectif des festivals\" \/>\n<meta property=\"article:publisher\" content=\"https:\/\/www.facebook.com\/LeCollectifDesFestivals\/\" \/>\n<meta property=\"article:modified_time\" content=\"2025-04-24T07:27:49+00:00\" \/>\n<meta name=\"twitter:card\" content=\"summary_large_image\" \/>\n<meta name=\"twitter:site\" content=\"@CollFestivals\" \/>\n<meta name=\"twitter:label1\" content=\"Dur\u00e9e de lecture estim\u00e9e\" \/>\n\t<meta name=\"twitter:data1\" content=\"2 minutes\" \/>\n<script type=\"application\/ld+json\" class=\"yoast-schema-graph\">{\"@context\":\"https:\\\/\\\/schema.org\",\"@graph\":[{\"@type\":\"WebPage\",\"@id\":\"https:\\\/\\\/www.lecollectifdesfestivals.org\\\/collectif\\\/events\\\/atelier-biodiversite\\\/\",\"url\":\"https:\\\/\\\/www.lecollectifdesfestivals.org\\\/collectif\\\/events\\\/atelier-biodiversite\\\/\",\"name\":\"Comprendre les enjeux de biodiversit\u00e9 et respecter le site naturel des \u00e9v\u00e8nements &#8226; Le Collectif des festivals\",\"isPartOf\":{\"@id\":\"https:\\\/\\\/www.lecollectifdesfestivals.org\\\/collectif\\\/#website\"},\"datePublished\":\"2024-07-09T12:34:23+00:00\",\"dateModified\":\"2025-04-24T07:27:49+00:00\",\"breadcrumb\":{\"@id\":\"https:\\\/\\\/www.lecollectifdesfestivals.org\\\/collectif\\\/events\\\/atelier-biodiversite\\\/#breadcrumb\"},\"inLanguage\":\"fr-FR\",\"potentialAction\":[{\"@type\":\"ReadAction\",\"target\":[\"https:\\\/\\\/www.lecollectifdesfestivals.org\\\/collectif\\\/events\\\/atelier-biodiversite\\\/\"]}]},{\"@type\":\"BreadcrumbList\",\"@id\":\"https:\\\/\\\/www.lecollectifdesfestivals.org\\\/collectif\\\/events\\\/atelier-biodiversite\\\/#breadcrumb\",\"itemListElement\":[{\"@type\":\"ListItem\",\"position\":1,\"name\":\"Accueil\",\"item\":\"https:\\\/\\\/www.lecollectifdesfestivals.org\\\/collectif\\\/\"},{\"@type\":\"ListItem\",\"position\":2,\"name\":\"\u00c9venements\",\"item\":\"https:\\\/\\\/www.lecollectifdesfestivals.org\\\/collectif\\\/events\\\/\"},{\"@type\":\"ListItem\",\"position\":3,\"name\":\"Comprendre les enjeux de biodiversit\u00e9 et respecter le site naturel des \u00e9v\u00e8nements\"}]},{\"@type\":\"WebSite\",\"@id\":\"https:\\\/\\\/www.lecollectifdesfestivals.org\\\/collectif\\\/#website\",\"url\":\"https:\\\/\\\/www.lecollectifdesfestivals.org\\\/collectif\\\/\",\"name\":\"Le Collectif des festivals\",\"description\":\"Depuis 2005, le Collectif des festivals accompagne les acteurices culturel\u00b7les dans leurs d\u00e9marches de d\u00e9veloppement durable.\",\"potentialAction\":[{\"@type\":\"SearchAction\",\"target\":{\"@type\":\"EntryPoint\",\"urlTemplate\":\"https:\\\/\\\/www.lecollectifdesfestivals.org\\\/collectif\\\/?s={search_term_string}\"},\"query-input\":{\"@type\":\"PropertyValueSpecification\",\"valueRequired\":true,\"valueName\":\"search_term_string\"}}],\"inLanguage\":\"fr-FR\"}]}<\/script>\n<!-- \/ Yoast SEO plugin. -->","yoast_head_json":{"title":"Comprendre les enjeux de biodiversit\u00e9 et respecter le site naturel des \u00e9v\u00e8nements &#8226; Le Collectif des festivals","robots":{"index":"index","follow":"follow","max-snippet":"max-snippet:-1","max-image-preview":"max-image-preview:large","max-video-preview":"max-video-preview:-1"},"canonical":"https:\/\/www.lecollectifdesfestivals.org\/collectif\/events\/atelier-biodiversite\/","og_locale":"fr_FR","og_type":"article","og_title":"Comprendre les enjeux de biodiversit\u00e9 et respecter le site naturel des \u00e9v\u00e8nements &#8226; Le Collectif des festivals","og_description":"Atelier ouvert aux organisateurices d&rsquo;\u00e9v\u00e8nements culturels et sportifs.Maison de la Baie, Saint-Brieuc La biodiversit\u00e9 est au c\u0153ur de nos vies. Mieux la conna\u00eetre, c&rsquo;est mieux comprendre les enjeux de la pr\u00e9server, au niveau mondial et local. Dans le cadre d&rsquo;un \u00e9v\u00e8nement sportif et culturel, o\u00f9 bien souvent la nature environnante est un atout, un facteur&hellip;&nbsp;Lire la suite &raquo;Comprendre les enjeux de biodiversit\u00e9 et respecter le site naturel des \u00e9v\u00e8nements","og_url":"https:\/\/www.lecollectifdesfestivals.org\/collectif\/events\/atelier-biodiversite\/","og_site_name":"Le Collectif des festivals","article_publisher":"https:\/\/www.facebook.com\/LeCollectifDesFestivals\/","article_modified_time":"2025-04-24T07:27:49+00:00","twitter_card":"summary_large_image","twitter_site":"@CollFestivals","twitter_misc":{"Dur\u00e9e de lecture estim\u00e9e":"2 minutes"},"schema":{"@context":"https:\/\/schema.org","@graph":[{"@type":"WebPage","@id":"https:\/\/www.lecollectifdesfestivals.org\/collectif\/events\/atelier-biodiversite\/","url":"https:\/\/www.lecollectifdesfestivals.org\/collectif\/events\/atelier-biodiversite\/","name":"Comprendre les enjeux de biodiversit\u00e9 et respecter le site naturel des \u00e9v\u00e8nements &#8226; Le Collectif des festivals","isPartOf":{"@id":"https:\/\/www.lecollectifdesfestivals.org\/collectif\/#website"},"datePublished":"2024-07-09T12:34:23+00:00","dateModified":"2025-04-24T07:27:49+00:00","breadcrumb":{"@id":"https:\/\/www.lecollectifdesfestivals.org\/collectif\/events\/atelier-biodiversite\/#breadcrumb"},"inLanguage":"fr-FR","potentialAction":[{"@type":"ReadAction","target":["https:\/\/www.lecollectifdesfestivals.org\/collectif\/events\/atelier-biodiversite\/"]}]},{"@type":"BreadcrumbList","@id":"https:\/\/www.lecollectifdesfestivals.org\/collectif\/events\/atelier-biodiversite\/#breadcrumb","itemListElement":[{"@type":"ListItem","position":1,"name":"Accueil","item":"https:\/\/www.lecollectifdesfestivals.org\/collectif\/"},{"@type":"ListItem","position":2,"name":"\u00c9venements","item":"https:\/\/www.lecollectifdesfestivals.org\/collectif\/events\/"},{"@type":"ListItem","position":3,"name":"Comprendre les enjeux de biodiversit\u00e9 et respecter le site naturel des \u00e9v\u00e8nements"}]},{"@type":"WebSite","@id":"https:\/\/www.lecollectifdesfestivals.org\/collectif\/#website","url":"https:\/\/www.lecollectifdesfestivals.org\/collectif\/","name":"Le Collectif des festivals","description":"Depuis 2005, le Collectif des festivals accompagne les acteurices culturel\u00b7les dans leurs d\u00e9marches de d\u00e9veloppement durable.","potentialAction":[{"@type":"SearchAction","target":{"@type":"EntryPoint","urlTemplate":"https:\/\/www.lecollectifdesfestivals.org\/collectif\/?s={search_term_string}"},"query-input":{"@type":"PropertyValueSpecification","valueRequired":true,"valueName":"search_term_string"}}],"inLanguage":"fr-FR"}]}},"_links":{"self":[{"href":"https:\/\/www.lecollectifdesfestivals.org\/collectif\/wp-json\/wp\/v2\/mec-events\/26625","targetHints":{"allow":["GET"]}}],"collection":[{"href":"https:\/\/www.lecollectifdesfestivals.org\/collectif\/wp-json\/wp\/v2\/mec-events"}],"about":[{"href":"https:\/\/www.lecollectifdesfestivals.org\/collectif\/wp-json\/wp\/v2\/types\/mec-events"}],"author":[{"embeddable":true,"href":"https:\/\/www.lecollectifdesfestivals.org\/collectif\/wp-json\/wp\/v2\/users\/1"}],"replies":[{"embeddable":true,"href":"https:\/\/www.lecollectifdesfestivals.org\/collectif\/wp-json\/wp\/v2\/comments?post=26625"}],"wp:attachment":[{"href":"https:\/\/www.lecollectifdesfestivals.org\/collectif\/wp-json\/wp\/v2\/media?parent=26625"}],"wp:term":[{"taxonomy":"post_tag","embeddable":true,"href":"https:\/\/www.lecollectifdesfestivals.org\/collectif\/wp-json\/wp\/v2\/tags?post=26625"},{"taxonomy":"mec_category","embeddable":true,"href":"https:\/\/www.lecollectifdesfestivals.org\/collectif\/wp-json\/wp\/v2\/mec_category?post=26625"}],"curies":[{"name":"wp","href":"https:\/\/api.w.org\/{rel}","templated":true}]}}