{"id":28536,"date":"2025-03-14T16:33:18","date_gmt":"2025-03-14T15:33:18","guid":{"rendered":"https:\/\/www.lecollectifdesfestivals.org\/collectif\/?page_id=28536"},"modified":"2026-03-30T16:30:13","modified_gmt":"2026-03-30T14:30:13","slug":"archipel-culturel","status":"publish","type":"page","link":"https:\/\/www.lecollectifdesfestivals.org\/collectif\/archipel-culturel\/","title":{"rendered":"Le Groupe de travail r\u00e9seaux culture en Bretagne &#038; transition socio-\u00e9cologique"},"content":{"rendered":"\t\t<div data-elementor-type=\"wp-page\" data-elementor-id=\"28536\" class=\"elementor elementor-28536\">\n\t\t\t\t\t\t<div class=\"elementor-inner\">\n\t\t\t\t<div class=\"elementor-section-wrap\">\n\t\t\t\t\t\t\t\t\t<section class=\"elementor-section elementor-top-section elementor-element elementor-element-6c736abd elementor-section-boxed elementor-section-height-default elementor-section-height-default\" data-id=\"6c736abd\" data-element_type=\"section\">\n\t\t\t\t\t\t<div class=\"elementor-container elementor-column-gap-default\">\n\t\t\t\t\t\t\t<div class=\"elementor-row\">\n\t\t\t\t\t<div class=\"elementor-column elementor-col-100 elementor-top-column elementor-element elementor-element-23544d93\" data-id=\"23544d93\" data-element_type=\"column\">\n\t\t\t<div class=\"elementor-column-wrap elementor-element-populated\">\n\t\t\t\t\t\t\t<div class=\"elementor-widget-wrap\">\n\t\t\t\t\t\t<div class=\"elementor-element elementor-element-e4dc5c3 elementor-widget elementor-widget-spacer\" data-id=\"e4dc5c3\" data-element_type=\"widget\" data-widget_type=\"spacer.default\">\n\t\t\t\t<div class=\"elementor-widget-container\">\n\t\t\t\t\t<div class=\"elementor-spacer\">\n\t\t\t<div class=\"elementor-spacer-inner\"><\/div>\n\t\t<\/div>\n\t\t\t\t<\/div>\n\t\t\t\t<\/div>\n\t\t\t\t<div class=\"elementor-element elementor-element-033da15 elementor-widget__width-initial elementor-widget elementor-widget-heading\" data-id=\"033da15\" data-element_type=\"widget\" data-widget_type=\"heading.default\">\n\t\t\t\t<div class=\"elementor-widget-container\">\n\t\t\t<h1 class=\"elementor-heading-title elementor-size-default\">Archipel culturel<\/h1>\t\t<\/div>\n\t\t\t\t<\/div>\n\t\t\t\t<div class=\"elementor-element elementor-element-4b083bd elementor-widget elementor-widget-spacer\" data-id=\"4b083bd\" data-element_type=\"widget\" data-widget_type=\"spacer.default\">\n\t\t\t\t<div class=\"elementor-widget-container\">\n\t\t\t\t\t<div class=\"elementor-spacer\">\n\t\t\t<div class=\"elementor-spacer-inner\"><\/div>\n\t\t<\/div>\n\t\t\t\t<\/div>\n\t\t\t\t<\/div>\n\t\t\t\t<div class=\"elementor-element elementor-element-3602d05d elementor-widget elementor-widget-text-editor\" data-id=\"3602d05d\" data-element_type=\"widget\" data-widget_type=\"text-editor.default\">\n\t\t\t\t<div class=\"elementor-widget-container\">\n\t\t\t\t\t\t\t\t<div class=\"elementor-text-editor elementor-clearfix\">\n\t\t\t\t<p><!-- wp:paragraph --><\/p>\n<p>Ce groupe de travail d\u2019une vingtaine de membres, incarne la dynamique collective que l\u2019on souhaite donner \u00e0 notre mission d\u2019accompagnement des r\u00e9seaux culture \u00e0 la transition socio-\u00e9cologique. En offrant un espace d\u2019interconnaissance, de partage des ressources et de coordination de projets communs, il doit nous permettre de travailler de mani\u00e8re transversale et coop\u00e9rative sur les enjeux de transition, tout en tenant compte des sp\u00e9cificit\u00e9s et des capacit\u00e9s d\u2019action vari\u00e9es des diff\u00e9rents r\u00e9seaux.<\/p>\n<p><!-- \/wp:paragraph --><\/p>\n<p><!-- wp:paragraph --><\/p>\n<p>\u00a0<\/p>\n<p><!-- \/wp:paragraph --><\/p>\t\t\t\t\t<\/div>\n\t\t\t\t\t\t<\/div>\n\t\t\t\t<\/div>\n\t\t\t\t\t\t<\/div>\n\t\t\t\t\t<\/div>\n\t\t<\/div>\n\t\t\t\t\t\t\t\t<\/div>\n\t\t\t\t\t<\/div>\n\t\t<\/section>\n\t\t\t\t<section class=\"elementor-section elementor-top-section elementor-element elementor-element-cade299 elementor-section-boxed elementor-section-height-default elementor-section-height-default\" data-id=\"cade299\" data-element_type=\"section\" data-settings=\"{&quot;background_background&quot;:&quot;classic&quot;}\">\n\t\t\t\t\t\t<div class=\"elementor-container elementor-column-gap-default\">\n\t\t\t\t\t\t\t<div class=\"elementor-row\">\n\t\t\t\t\t<div class=\"elementor-column elementor-col-100 elementor-top-column elementor-element elementor-element-f1fe175\" data-id=\"f1fe175\" data-element_type=\"column\" data-settings=\"{&quot;background_background&quot;:&quot;classic&quot;}\">\n\t\t\t<div class=\"elementor-column-wrap elementor-element-populated\">\n\t\t\t\t\t\t\t<div class=\"elementor-widget-wrap\">\n\t\t\t\t\t\t<div class=\"elementor-element elementor-element-a8c33f8 elementor-widget elementor-widget-spacer\" data-id=\"a8c33f8\" data-element_type=\"widget\" data-widget_type=\"spacer.default\">\n\t\t\t\t<div class=\"elementor-widget-container\">\n\t\t\t\t\t<div class=\"elementor-spacer\">\n\t\t\t<div class=\"elementor-spacer-inner\"><\/div>\n\t\t<\/div>\n\t\t\t\t<\/div>\n\t\t\t\t<\/div>\n\t\t\t\t<div class=\"elementor-element elementor-element-f6442cd elementor-widget elementor-widget-heading\" data-id=\"f6442cd\" data-element_type=\"widget\" data-widget_type=\"heading.default\">\n\t\t\t\t<div class=\"elementor-widget-container\">\n\t\t\t<h2 class=\"elementor-heading-title elementor-size-default\">Projets actuels et perspectives<\/h2>\t\t<\/div>\n\t\t\t\t<\/div>\n\t\t\t\t<section class=\"elementor-section elementor-inner-section elementor-element elementor-element-5d60830 elementor-section-full_width elementor-section-height-default elementor-section-height-default\" data-id=\"5d60830\" data-element_type=\"section\">\n\t\t\t\t\t\t<div class=\"elementor-container elementor-column-gap-default\">\n\t\t\t\t\t\t\t<div class=\"elementor-row\">\n\t\t\t\t\t<div class=\"elementor-column elementor-col-50 elementor-inner-column elementor-element elementor-element-f72e5ef\" data-id=\"f72e5ef\" data-element_type=\"column\" data-settings=\"{&quot;background_background&quot;:&quot;classic&quot;}\">\n\t\t\t<div class=\"elementor-column-wrap elementor-element-populated\">\n\t\t\t\t\t\t\t<div class=\"elementor-widget-wrap\">\n\t\t\t\t\t\t<div class=\"elementor-element elementor-element-d9d827f elementor-widget elementor-widget-heading\" data-id=\"d9d827f\" data-element_type=\"widget\" data-widget_type=\"heading.default\">\n\t\t\t\t<div class=\"elementor-widget-container\">\n\t\t\t<h3 class=\"elementor-heading-title elementor-size-default\">Etat des lieux et d\u2019avancement des r\u00e9seaux culture en Bretagne sur la transition socio-\u00e9cologique<\/h3>\t\t<\/div>\n\t\t\t\t<\/div>\n\t\t\t\t<div class=\"elementor-element elementor-element-9f3b09b elementor-widget elementor-widget-text-editor\" data-id=\"9f3b09b\" data-element_type=\"widget\" data-widget_type=\"text-editor.default\">\n\t\t\t\t<div class=\"elementor-widget-container\">\n\t\t\t\t\t\t\t\t<div class=\"elementor-text-editor elementor-clearfix\">\n\t\t\t\t<div class=\"p-rich_text_section\"><strong>Finalit\u00e9 :<\/strong> Dresser un panorama de la transition socio-\u00e9cologique au sein des r\u00e9seaux culturels bretons pour faire \u00e9merger leurs aspirations et motivations, identifier leurs besoins et ressources mobilisables, renseigner le chemin d\u00e9j\u00e0 parcouru et prioriser les actions d\u2019accompagnement.<br \/><br \/><strong>M\u00e9thode :<\/strong><br \/>\u2022 Rendez-vous exploratoires : entretiens individualis\u00e9s avec chaque r\u00e9seau.<\/div>\n<div class=\"p-rich_text_section\">\u2022 Recherche documentaire : compilation et analyse de donn\u00e9es compl\u00e9mentaires.<\/div>\n<div class=\"p-rich_text_section\">\u2022 Temps d\u00e9di\u00e9s : observation et participation \u00e0 des rencontres internes de r\u00e9seaux (AG, s\u00e9minaires, ateliers).<br \/>\u2022 Animation du GT \u00ab R\u00e9seaux culture &amp; transition \u00bb : ateliers en intelligence collective.<\/div>\t\t\t\t\t<\/div>\n\t\t\t\t\t\t<\/div>\n\t\t\t\t<\/div>\n\t\t\t\t\t\t<\/div>\n\t\t\t\t\t<\/div>\n\t\t<\/div>\n\t\t\t\t<div class=\"elementor-column elementor-col-50 elementor-inner-column elementor-element elementor-element-2997efe\" data-id=\"2997efe\" data-element_type=\"column\" data-settings=\"{&quot;background_background&quot;:&quot;classic&quot;}\">\n\t\t\t<div class=\"elementor-column-wrap elementor-element-populated\">\n\t\t\t\t\t\t\t<div class=\"elementor-widget-wrap\">\n\t\t\t\t\t\t<div class=\"elementor-element elementor-element-4f22dfd elementor-widget elementor-widget-heading\" data-id=\"4f22dfd\" data-element_type=\"widget\" data-widget_type=\"heading.default\">\n\t\t\t\t<div class=\"elementor-widget-container\">\n\t\t\t<h3 class=\"elementor-heading-title elementor-size-default\">Co-organisation des Actes Bretagne<\/h3>\t\t<\/div>\n\t\t\t\t<\/div>\n\t\t\t\t<div class=\"elementor-element elementor-element-477dc7e elementor-widget elementor-widget-text-editor\" data-id=\"477dc7e\" data-element_type=\"widget\" data-widget_type=\"text-editor.default\">\n\t\t\t\t<div class=\"elementor-widget-container\">\n\t\t\t\t\t\t\t\t<div class=\"elementor-text-editor elementor-clearfix\">\n\t\t\t\t<div class=\"p-rich_text_section\">\n<p><strong>Finalit\u00e9 :<\/strong> Faciliter la mise en \u0153uvre de la transition \u00e9cologique et sociale du secteur culturel en Bretagne en organisant un rendez-vous r\u00e9gional annuel, gratuit et ouvert \u00e0 toutes les fili\u00e8res. Chaque \u00e9dition des Actes est con\u00e7ue avec les r\u00e9seaux (co-programmation) et pour eux, ce qui permet de rassembler une grande diversit\u00e9 de profils.<\/p>\n<p><strong>M\u00e9thode :<\/strong><br \/>\u2022 Animation du GT \u00ab R\u00e9seaux culture &amp; transition \u00bb : ateliers en intelligence collective pour concevoir une programmation de mani\u00e8re participative et am\u00e9liorer l\u2019\u00e9v\u00e8nement.<br \/>\u2022 Documentation pour inspirer : comptes-rendus pour chaque ateliers\/tables-rondes et accompagnement des pistes d\u2019action identifi\u00e9es afin de les transformer en projets concrets port\u00e9s par les r\u00e9seaux.<\/p>\n<\/div>\t\t\t\t\t<\/div>\n\t\t\t\t\t\t<\/div>\n\t\t\t\t<\/div>\n\t\t\t\t<div class=\"elementor-element elementor-element-9e8160d elementor-widget elementor-widget-button\" data-id=\"9e8160d\" data-element_type=\"widget\" data-widget_type=\"button.default\">\n\t\t\t\t<div class=\"elementor-widget-container\">\n\t\t\t\t\t<div class=\"elementor-button-wrapper\">\n\t\t\t<a href=\"https:\/\/www.lecollectifdesfestivals.org\/collectif\/les-actes-bretagne-2024\/\" class=\"elementor-button-link elementor-button elementor-size-xs\" role=\"button\">\n\t\t\t\t\t\t<span class=\"elementor-button-content-wrapper\">\n\t\t\t\t\t\t<span class=\"elementor-button-text\">Retour sur l'\u00e9dition 2024<\/span>\n\t\t<\/span>\n\t\t\t\t\t<\/a>\n\t\t<\/div>\n\t\t\t\t<\/div>\n\t\t\t\t<\/div>\n\t\t\t\t<div class=\"elementor-element elementor-element-44bb612 elementor-widget elementor-widget-button\" data-id=\"44bb612\" data-element_type=\"widget\" data-widget_type=\"button.default\">\n\t\t\t\t<div class=\"elementor-widget-container\">\n\t\t\t\t\t<div class=\"elementor-button-wrapper\">\n\t\t\t<a href=\"https:\/\/www.lecollectifdesfestivals.org\/collectif\/les-actes-2025\/\" class=\"elementor-button-link elementor-button elementor-size-xs\" role=\"button\">\n\t\t\t\t\t\t<span class=\"elementor-button-content-wrapper\">\n\t\t\t\t\t\t<span class=\"elementor-button-text\">\u00c9dition 2025<\/span>\n\t\t<\/span>\n\t\t\t\t\t<\/a>\n\t\t<\/div>\n\t\t\t\t<\/div>\n\t\t\t\t<\/div>\n\t\t\t\t\t\t<\/div>\n\t\t\t\t\t<\/div>\n\t\t<\/div>\n\t\t\t\t\t\t\t\t<\/div>\n\t\t\t\t\t<\/div>\n\t\t<\/section>\n\t\t\t\t<section class=\"elementor-section elementor-inner-section elementor-element elementor-element-4f66213 elementor-section-full_width elementor-section-height-default elementor-section-height-default\" data-id=\"4f66213\" data-element_type=\"section\">\n\t\t\t\t\t\t<div class=\"elementor-container elementor-column-gap-default\">\n\t\t\t\t\t\t\t<div class=\"elementor-row\">\n\t\t\t\t\t<div class=\"elementor-column elementor-col-100 elementor-inner-column elementor-element elementor-element-f8770f3\" data-id=\"f8770f3\" data-element_type=\"column\" data-settings=\"{&quot;background_background&quot;:&quot;classic&quot;}\">\n\t\t\t<div class=\"elementor-column-wrap elementor-element-populated\">\n\t\t\t\t\t\t\t<div class=\"elementor-widget-wrap\">\n\t\t\t\t\t\t<div class=\"elementor-element elementor-element-3dd516b elementor-widget elementor-widget-heading\" data-id=\"3dd516b\" data-element_type=\"widget\" data-widget_type=\"heading.default\">\n\t\t\t\t<div class=\"elementor-widget-container\">\n\t\t\t<h3 class=\"elementor-heading-title elementor-size-default\">Parcours de formation \u00ab Transitions Culture en r\u00e9seau \u00bb<\/h3>\t\t<\/div>\n\t\t\t\t<\/div>\n\t\t\t\t<div class=\"elementor-element elementor-element-6a9c9ce elementor-widget elementor-widget-text-editor\" data-id=\"6a9c9ce\" data-element_type=\"widget\" data-widget_type=\"text-editor.default\">\n\t\t\t\t<div class=\"elementor-widget-container\">\n\t\t\t\t\t\t\t\t<div class=\"elementor-text-editor elementor-clearfix\">\n\t\t\t\t<p>(\u00e0 venir)<\/p>\n<p>\u00a0<\/p>\n<p><strong>Finalit\u00e9 :<\/strong> Co-construction d\u2019un parcours de formation (tronc commun et des modules \u00e0 la carte) pour sensibiliser et outiller les r\u00e9seaux culturels \u00e0 l\u2019accompagnement de leurs membres.<\/p>\t\t\t\t\t<\/div>\n\t\t\t\t\t\t<\/div>\n\t\t\t\t<\/div>\n\t\t\t\t\t\t<\/div>\n\t\t\t\t\t<\/div>\n\t\t<\/div>\n\t\t\t\t\t\t\t\t<\/div>\n\t\t\t\t\t<\/div>\n\t\t<\/section>\n\t\t\t\t\t\t<\/div>\n\t\t\t\t\t<\/div>\n\t\t<\/div>\n\t\t\t\t\t\t\t\t<\/div>\n\t\t\t\t\t<\/div>\n\t\t<\/section>\n\t\t\t\t<section class=\"elementor-section elementor-top-section elementor-element elementor-element-e811184 elementor-section-boxed elementor-section-height-default elementor-section-height-default\" data-id=\"e811184\" data-element_type=\"section\">\n\t\t\t\t\t\t<div class=\"elementor-container elementor-column-gap-default\">\n\t\t\t\t\t\t\t<div class=\"elementor-row\">\n\t\t\t\t\t<div class=\"elementor-column elementor-col-100 elementor-top-column elementor-element elementor-element-b4086a3\" data-id=\"b4086a3\" data-element_type=\"column\">\n\t\t\t<div class=\"elementor-column-wrap elementor-element-populated\">\n\t\t\t\t\t\t\t<div class=\"elementor-widget-wrap\">\n\t\t\t\t\t\t<div class=\"elementor-element elementor-element-f283983 elementor-widget elementor-widget-spacer\" data-id=\"f283983\" data-element_type=\"widget\" data-widget_type=\"spacer.default\">\n\t\t\t\t<div class=\"elementor-widget-container\">\n\t\t\t\t\t<div class=\"elementor-spacer\">\n\t\t\t<div class=\"elementor-spacer-inner\"><\/div>\n\t\t<\/div>\n\t\t\t\t<\/div>\n\t\t\t\t<\/div>\n\t\t\t\t<div class=\"elementor-element elementor-element-7a7e434 elementor-widget elementor-widget-heading\" data-id=\"7a7e434\" data-element_type=\"widget\" data-widget_type=\"heading.default\">\n\t\t\t\t<div class=\"elementor-widget-container\">\n\t\t\t<h2 class=\"elementor-heading-title elementor-size-default\">Les r\u00e9seaux du GT<\/h2>\t\t<\/div>\n\t\t\t\t<\/div>\n\t\t\t\t\t\t<\/div>\n\t\t\t\t\t<\/div>\n\t\t<\/div>\n\t\t\t\t\t\t\t\t<\/div>\n\t\t\t\t\t<\/div>\n\t\t<\/section>\n\t\t\t\t<section class=\"elementor-section elementor-top-section elementor-element elementor-element-f32cf19 elementor-section-content-middle elementor-section-boxed elementor-section-height-default elementor-section-height-default\" data-id=\"f32cf19\" data-element_type=\"section\">\n\t\t\t\t\t\t<div class=\"elementor-container elementor-column-gap-default\">\n\t\t\t\t\t\t\t<div class=\"elementor-row\">\n\t\t\t\t\t<div class=\"elementor-column elementor-col-20 elementor-top-column elementor-element elementor-element-a99e36f\" data-id=\"a99e36f\" data-element_type=\"column\">\n\t\t\t<div class=\"elementor-column-wrap elementor-element-populated\">\n\t\t\t\t\t\t\t<div class=\"elementor-widget-wrap\">\n\t\t\t\t\t\t<div class=\"elementor-element elementor-element-cb76957 elementor-widget elementor-widget-image\" data-id=\"cb76957\" data-element_type=\"widget\" data-widget_type=\"image.default\">\n\t\t\t\t<div class=\"elementor-widget-container\">\n\t\t\t\t\t\t\t\t<div class=\"elementor-image\">\n\t\t\t\t\t\t\t\t\t\t\t\t<img loading=\"lazy\" decoding=\"async\" width=\"300\" height=\"100\" src=\"https:\/\/www.lecollectifdesfestivals.org\/collectif\/wp-content\/uploads\/2025\/03\/logoacb_3-300x100.jpg\" class=\"attachment-medium size-medium wp-image-28610\" alt=\"\" srcset=\"https:\/\/www.lecollectifdesfestivals.org\/collectif\/wp-content\/uploads\/2025\/03\/logoacb_3-300x100.jpg 300w, https:\/\/www.lecollectifdesfestivals.org\/collectif\/wp-content\/uploads\/2025\/03\/logoacb_3.jpg 767w\" sizes=\"(max-width: 300px) 100vw, 300px\" \/>\t\t\t\t\t\t\t\t\t\t\t\t\t\t<\/div>\n\t\t\t\t\t\t<\/div>\n\t\t\t\t<\/div>\n\t\t\t\t\t\t<\/div>\n\t\t\t\t\t<\/div>\n\t\t<\/div>\n\t\t\t\t<div class=\"elementor-column elementor-col-20 elementor-top-column elementor-element elementor-element-3c5cb7a\" data-id=\"3c5cb7a\" data-element_type=\"column\">\n\t\t\t<div class=\"elementor-column-wrap elementor-element-populated\">\n\t\t\t\t\t\t\t<div class=\"elementor-widget-wrap\">\n\t\t\t\t\t\t<div class=\"elementor-element elementor-element-6892529 elementor-widget elementor-widget-image\" data-id=\"6892529\" data-element_type=\"widget\" data-widget_type=\"image.default\">\n\t\t\t\t<div class=\"elementor-widget-container\">\n\t\t\t\t\t\t\t\t<div class=\"elementor-image\">\n\t\t\t\t\t\t\t\t\t\t\t\t<img loading=\"lazy\" decoding=\"async\" width=\"495\" height=\"213\" src=\"https:\/\/www.lecollectifdesfestivals.org\/collectif\/wp-content\/uploads\/2025\/03\/Logo-Ancre-Couleur.png\" class=\"attachment-large size-large wp-image-28611\" alt=\"\" srcset=\"https:\/\/www.lecollectifdesfestivals.org\/collectif\/wp-content\/uploads\/2025\/03\/Logo-Ancre-Couleur.png 495w, https:\/\/www.lecollectifdesfestivals.org\/collectif\/wp-content\/uploads\/2025\/03\/Logo-Ancre-Couleur-300x129.png 300w\" sizes=\"(max-width: 495px) 100vw, 495px\" \/>\t\t\t\t\t\t\t\t\t\t\t\t\t\t<\/div>\n\t\t\t\t\t\t<\/div>\n\t\t\t\t<\/div>\n\t\t\t\t\t\t<\/div>\n\t\t\t\t\t<\/div>\n\t\t<\/div>\n\t\t\t\t<div class=\"elementor-column elementor-col-20 elementor-top-column elementor-element elementor-element-63ca227\" data-id=\"63ca227\" data-element_type=\"column\">\n\t\t\t<div class=\"elementor-column-wrap elementor-element-populated\">\n\t\t\t\t\t\t\t<div class=\"elementor-widget-wrap\">\n\t\t\t\t\t\t<div class=\"elementor-element elementor-element-6715114 elementor-widget elementor-widget-image\" data-id=\"6715114\" data-element_type=\"widget\" data-widget_type=\"image.default\">\n\t\t\t\t<div class=\"elementor-widget-container\">\n\t\t\t\t\t\t\t\t<div class=\"elementor-image\">\n\t\t\t\t\t\t\t\t\t\t\t\t<img decoding=\"async\" src=\"https:\/\/www.lecollectifdesfestivals.org\/collectif\/wp-content\/uploads\/elementor\/thumbs\/logo_BCD_quadri-slogan-rkzb7lb0y6semiegpi0wfb9wo4uv6ecemr7wx20wao.png\" title=\"logo_BCD_quadri-slogan\" alt=\"logo_BCD_quadri-slogan\" loading=\"lazy\" \/>\t\t\t\t\t\t\t\t\t\t\t\t\t\t<\/div>\n\t\t\t\t\t\t<\/div>\n\t\t\t\t<\/div>\n\t\t\t\t\t\t<\/div>\n\t\t\t\t\t<\/div>\n\t\t<\/div>\n\t\t\t\t<div class=\"elementor-column elementor-col-20 elementor-top-column elementor-element elementor-element-a7b870d\" data-id=\"a7b870d\" data-element_type=\"column\">\n\t\t\t<div class=\"elementor-column-wrap elementor-element-populated\">\n\t\t\t\t\t\t\t<div class=\"elementor-widget-wrap\">\n\t\t\t\t\t\t<div class=\"elementor-element elementor-element-8d82c00 elementor-widget elementor-widget-image\" data-id=\"8d82c00\" data-element_type=\"widget\" data-widget_type=\"image.default\">\n\t\t\t\t<div class=\"elementor-widget-container\">\n\t\t\t\t\t\t\t\t<div class=\"elementor-image\">\n\t\t\t\t\t\t\t\t\t\t\t\t<img loading=\"lazy\" decoding=\"async\" width=\"1024\" height=\"330\" src=\"https:\/\/www.lecollectifdesfestivals.org\/collectif\/wp-content\/uploads\/2025\/03\/logo-bretagne-musees-1024x330.png\" class=\"attachment-large size-large wp-image-28616\" alt=\"\" srcset=\"https:\/\/www.lecollectifdesfestivals.org\/collectif\/wp-content\/uploads\/2025\/03\/logo-bretagne-musees-1024x330.png 1024w, https:\/\/www.lecollectifdesfestivals.org\/collectif\/wp-content\/uploads\/2025\/03\/logo-bretagne-musees-300x97.png 300w, https:\/\/www.lecollectifdesfestivals.org\/collectif\/wp-content\/uploads\/2025\/03\/logo-bretagne-musees-768x247.png 768w, https:\/\/www.lecollectifdesfestivals.org\/collectif\/wp-content\/uploads\/2025\/03\/logo-bretagne-musees.png 1034w\" sizes=\"(max-width: 1024px) 100vw, 1024px\" \/>\t\t\t\t\t\t\t\t\t\t\t\t\t\t<\/div>\n\t\t\t\t\t\t<\/div>\n\t\t\t\t<\/div>\n\t\t\t\t\t\t<\/div>\n\t\t\t\t\t<\/div>\n\t\t<\/div>\n\t\t\t\t<div class=\"elementor-column elementor-col-20 elementor-top-column elementor-element elementor-element-efc76e0\" data-id=\"efc76e0\" data-element_type=\"column\">\n\t\t\t<div class=\"elementor-column-wrap elementor-element-populated\">\n\t\t\t\t\t\t\t<div class=\"elementor-widget-wrap\">\n\t\t\t\t\t\t<div class=\"elementor-element elementor-element-4e0a9f6 elementor-widget elementor-widget-image\" data-id=\"4e0a9f6\" data-element_type=\"widget\" data-widget_type=\"image.default\">\n\t\t\t\t<div class=\"elementor-widget-container\">\n\t\t\t\t\t\t\t\t<div class=\"elementor-image\">\n\t\t\t\t\t\t\t\t\t\t\t\t<img loading=\"lazy\" decoding=\"async\" width=\"200\" height=\"200\" src=\"https:\/\/www.lecollectifdesfestivals.org\/collectif\/wp-content\/uploads\/2025\/09\/bretagne_tiers_lieux_logo.jpg\" class=\"attachment-medium size-medium wp-image-30207\" alt=\"\" srcset=\"https:\/\/www.lecollectifdesfestivals.org\/collectif\/wp-content\/uploads\/2025\/09\/bretagne_tiers_lieux_logo.jpg 200w, https:\/\/www.lecollectifdesfestivals.org\/collectif\/wp-content\/uploads\/2025\/09\/bretagne_tiers_lieux_logo-150x150.jpg 150w\" sizes=\"(max-width: 200px) 100vw, 200px\" \/>\t\t\t\t\t\t\t\t\t\t\t\t\t\t<\/div>\n\t\t\t\t\t\t<\/div>\n\t\t\t\t<\/div>\n\t\t\t\t\t\t<\/div>\n\t\t\t\t\t<\/div>\n\t\t<\/div>\n\t\t\t\t\t\t\t\t<\/div>\n\t\t\t\t\t<\/div>\n\t\t<\/section>\n\t\t\t\t<section class=\"elementor-section elementor-top-section elementor-element elementor-element-089a0f3 elementor-section-content-middle elementor-section-boxed elementor-section-height-default elementor-section-height-default\" data-id=\"089a0f3\" data-element_type=\"section\">\n\t\t\t\t\t\t<div class=\"elementor-container elementor-column-gap-default\">\n\t\t\t\t\t\t\t<div class=\"elementor-row\">\n\t\t\t\t\t<div class=\"elementor-column elementor-col-20 elementor-top-column elementor-element elementor-element-2add99d\" data-id=\"2add99d\" data-element_type=\"column\">\n\t\t\t<div class=\"elementor-column-wrap elementor-element-populated\">\n\t\t\t\t\t\t\t<div class=\"elementor-widget-wrap\">\n\t\t\t\t\t\t<div class=\"elementor-element elementor-element-f13ccaa elementor-widget elementor-widget-image\" data-id=\"f13ccaa\" data-element_type=\"widget\" data-widget_type=\"image.default\">\n\t\t\t\t<div class=\"elementor-widget-container\">\n\t\t\t\t\t\t\t\t<div class=\"elementor-image\">\n\t\t\t\t\t\t\t\t\t\t\t\t<img decoding=\"async\" src=\"https:\/\/www.lecollectifdesfestivals.org\/collectif\/wp-content\/uploads\/elementor\/thumbs\/logo_corlab-rkzb7lb0c9eh1szqo2xjmtrqcdz5hgq4zlo8uu1req.png\" title=\"logo_corlab\" alt=\"logo_corlab\" loading=\"lazy\" \/>\t\t\t\t\t\t\t\t\t\t\t\t\t\t<\/div>\n\t\t\t\t\t\t<\/div>\n\t\t\t\t<\/div>\n\t\t\t\t\t\t<\/div>\n\t\t\t\t\t<\/div>\n\t\t<\/div>\n\t\t\t\t<div class=\"elementor-column elementor-col-20 elementor-top-column elementor-element elementor-element-89cbfaa\" data-id=\"89cbfaa\" data-element_type=\"column\">\n\t\t\t<div class=\"elementor-column-wrap elementor-element-populated\">\n\t\t\t\t\t\t\t<div class=\"elementor-widget-wrap\">\n\t\t\t\t\t\t<div class=\"elementor-element elementor-element-7d73dbd elementor-widget elementor-widget-image\" data-id=\"7d73dbd\" data-element_type=\"widget\" data-widget_type=\"image.default\">\n\t\t\t\t<div class=\"elementor-widget-container\">\n\t\t\t\t\t\t\t\t<div class=\"elementor-image\">\n\t\t\t\t\t\t\t\t\t\t\t\t<img loading=\"lazy\" decoding=\"async\" width=\"1024\" height=\"640\" src=\"https:\/\/www.lecollectifdesfestivals.org\/collectif\/wp-content\/uploads\/2025\/09\/fede-breizh-logo_1-1024x640.png\" class=\"attachment-large size-large wp-image-30206\" alt=\"\" srcset=\"https:\/\/www.lecollectifdesfestivals.org\/collectif\/wp-content\/uploads\/2025\/09\/fede-breizh-logo_1-1024x640.png 1024w, https:\/\/www.lecollectifdesfestivals.org\/collectif\/wp-content\/uploads\/2025\/09\/fede-breizh-logo_1-300x188.png 300w, https:\/\/www.lecollectifdesfestivals.org\/collectif\/wp-content\/uploads\/2025\/09\/fede-breizh-logo_1-768x480.png 768w, https:\/\/www.lecollectifdesfestivals.org\/collectif\/wp-content\/uploads\/2025\/09\/fede-breizh-logo_1-1536x960.png 1536w, https:\/\/www.lecollectifdesfestivals.org\/collectif\/wp-content\/uploads\/2025\/09\/fede-breizh-logo_1.png 2048w\" sizes=\"(max-width: 1024px) 100vw, 1024px\" \/>\t\t\t\t\t\t\t\t\t\t\t\t\t\t<\/div>\n\t\t\t\t\t\t<\/div>\n\t\t\t\t<\/div>\n\t\t\t\t\t\t<\/div>\n\t\t\t\t\t<\/div>\n\t\t<\/div>\n\t\t\t\t<div class=\"elementor-column elementor-col-20 elementor-top-column elementor-element elementor-element-656cbda\" data-id=\"656cbda\" data-element_type=\"column\">\n\t\t\t<div class=\"elementor-column-wrap elementor-element-populated\">\n\t\t\t\t\t\t\t<div class=\"elementor-widget-wrap\">\n\t\t\t\t\t\t<div class=\"elementor-element elementor-element-e5e7c2d elementor-widget elementor-widget-image\" data-id=\"e5e7c2d\" data-element_type=\"widget\" data-widget_type=\"image.default\">\n\t\t\t\t<div class=\"elementor-widget-container\">\n\t\t\t\t\t\t\t\t<div class=\"elementor-image\">\n\t\t\t\t\t\t\t\t\t\t\t\t<img loading=\"lazy\" decoding=\"async\" width=\"556\" height=\"231\" src=\"https:\/\/www.lecollectifdesfestivals.org\/collectif\/wp-content\/uploads\/2025\/03\/Films-en-Bretagne.png\" class=\"attachment-full size-full wp-image-28613\" alt=\"\" srcset=\"https:\/\/www.lecollectifdesfestivals.org\/collectif\/wp-content\/uploads\/2025\/03\/Films-en-Bretagne.png 556w, https:\/\/www.lecollectifdesfestivals.org\/collectif\/wp-content\/uploads\/2025\/03\/Films-en-Bretagne-300x125.png 300w\" sizes=\"(max-width: 556px) 100vw, 556px\" \/>\t\t\t\t\t\t\t\t\t\t\t\t\t\t<\/div>\n\t\t\t\t\t\t<\/div>\n\t\t\t\t<\/div>\n\t\t\t\t\t\t<\/div>\n\t\t\t\t\t<\/div>\n\t\t<\/div>\n\t\t\t\t<div class=\"elementor-column elementor-col-20 elementor-top-column elementor-element elementor-element-cff144f\" data-id=\"cff144f\" data-element_type=\"column\">\n\t\t\t<div class=\"elementor-column-wrap elementor-element-populated\">\n\t\t\t\t\t\t\t<div class=\"elementor-widget-wrap\">\n\t\t\t\t\t\t<div class=\"elementor-element elementor-element-97f767f elementor-widget elementor-widget-image\" data-id=\"97f767f\" data-element_type=\"widget\" data-widget_type=\"image.default\">\n\t\t\t\t<div class=\"elementor-widget-container\">\n\t\t\t\t\t\t\t\t<div class=\"elementor-image\">\n\t\t\t\t\t\t\t\t\t\t\t\t<img loading=\"lazy\" decoding=\"async\" width=\"478\" height=\"396\" src=\"https:\/\/www.lecollectifdesfestivals.org\/collectif\/wp-content\/uploads\/2026\/03\/GOUELIOU-NOIR-8037681.png\" class=\"attachment-large size-large wp-image-31438\" alt=\"\" srcset=\"https:\/\/www.lecollectifdesfestivals.org\/collectif\/wp-content\/uploads\/2026\/03\/GOUELIOU-NOIR-8037681.png 478w, https:\/\/www.lecollectifdesfestivals.org\/collectif\/wp-content\/uploads\/2026\/03\/GOUELIOU-NOIR-8037681-300x249.png 300w\" sizes=\"(max-width: 478px) 100vw, 478px\" \/>\t\t\t\t\t\t\t\t\t\t\t\t\t\t<\/div>\n\t\t\t\t\t\t<\/div>\n\t\t\t\t<\/div>\n\t\t\t\t\t\t<\/div>\n\t\t\t\t\t<\/div>\n\t\t<\/div>\n\t\t\t\t<div class=\"elementor-column elementor-col-20 elementor-top-column elementor-element elementor-element-aa5eb3b\" data-id=\"aa5eb3b\" data-element_type=\"column\">\n\t\t\t<div class=\"elementor-column-wrap elementor-element-populated\">\n\t\t\t\t\t\t\t<div class=\"elementor-widget-wrap\">\n\t\t\t\t\t\t<div class=\"elementor-element elementor-element-5355c44 elementor-widget elementor-widget-image\" data-id=\"5355c44\" data-element_type=\"widget\" data-widget_type=\"image.default\">\n\t\t\t\t<div class=\"elementor-widget-container\">\n\t\t\t\t\t\t\t\t<div class=\"elementor-image\">\n\t\t\t\t\t\t\t\t\t\t\t\t<img loading=\"lazy\" decoding=\"async\" width=\"117\" height=\"35\" src=\"https:\/\/www.lecollectifdesfestivals.org\/collectif\/wp-content\/uploads\/2025\/09\/Reseau-Hybrides.jpg\" class=\"attachment-large size-large wp-image-30209\" alt=\"\" \/>\t\t\t\t\t\t\t\t\t\t\t\t\t\t<\/div>\n\t\t\t\t\t\t<\/div>\n\t\t\t\t<\/div>\n\t\t\t\t\t\t<\/div>\n\t\t\t\t\t<\/div>\n\t\t<\/div>\n\t\t\t\t\t\t\t\t<\/div>\n\t\t\t\t\t<\/div>\n\t\t<\/section>\n\t\t\t\t<section class=\"elementor-section elementor-top-section elementor-element elementor-element-99b15b5 elementor-section-content-middle elementor-section-boxed elementor-section-height-default elementor-section-height-default\" data-id=\"99b15b5\" data-element_type=\"section\">\n\t\t\t\t\t\t<div class=\"elementor-container elementor-column-gap-default\">\n\t\t\t\t\t\t\t<div class=\"elementor-row\">\n\t\t\t\t\t<div class=\"elementor-column elementor-col-20 elementor-top-column elementor-element elementor-element-c1f7d17\" data-id=\"c1f7d17\" data-element_type=\"column\">\n\t\t\t<div class=\"elementor-column-wrap elementor-element-populated\">\n\t\t\t\t\t\t\t<div class=\"elementor-widget-wrap\">\n\t\t\t\t\t\t<div class=\"elementor-element elementor-element-0cb4615 elementor-widget elementor-widget-image\" data-id=\"0cb4615\" data-element_type=\"widget\" data-widget_type=\"image.default\">\n\t\t\t\t<div class=\"elementor-widget-container\">\n\t\t\t\t\t\t\t\t<div class=\"elementor-image\">\n\t\t\t\t\t\t\t\t\t\t\t\t<img loading=\"lazy\" decoding=\"async\" width=\"1024\" height=\"281\" src=\"https:\/\/www.lecollectifdesfestivals.org\/collectif\/wp-content\/uploads\/2026\/03\/Logo_Kenleur-1024x281.png\" class=\"attachment-large size-large wp-image-31439\" alt=\"\" srcset=\"https:\/\/www.lecollectifdesfestivals.org\/collectif\/wp-content\/uploads\/2026\/03\/Logo_Kenleur-1024x281.png 1024w, https:\/\/www.lecollectifdesfestivals.org\/collectif\/wp-content\/uploads\/2026\/03\/Logo_Kenleur-300x82.png 300w, https:\/\/www.lecollectifdesfestivals.org\/collectif\/wp-content\/uploads\/2026\/03\/Logo_Kenleur-768x211.png 768w, https:\/\/www.lecollectifdesfestivals.org\/collectif\/wp-content\/uploads\/2026\/03\/Logo_Kenleur-1536x422.png 1536w, https:\/\/www.lecollectifdesfestivals.org\/collectif\/wp-content\/uploads\/2026\/03\/Logo_Kenleur.png 1739w\" sizes=\"(max-width: 1024px) 100vw, 1024px\" \/>\t\t\t\t\t\t\t\t\t\t\t\t\t\t<\/div>\n\t\t\t\t\t\t<\/div>\n\t\t\t\t<\/div>\n\t\t\t\t\t\t<\/div>\n\t\t\t\t\t<\/div>\n\t\t<\/div>\n\t\t\t\t<div class=\"elementor-column elementor-col-20 elementor-top-column elementor-element elementor-element-e25a97f\" data-id=\"e25a97f\" data-element_type=\"column\">\n\t\t\t<div class=\"elementor-column-wrap elementor-element-populated\">\n\t\t\t\t\t\t\t<div class=\"elementor-widget-wrap\">\n\t\t\t\t\t\t<div class=\"elementor-element elementor-element-36778b7 elementor-widget elementor-widget-image\" data-id=\"36778b7\" data-element_type=\"widget\" data-widget_type=\"image.default\">\n\t\t\t\t<div class=\"elementor-widget-container\">\n\t\t\t\t\t\t\t\t<div class=\"elementor-image\">\n\t\t\t\t\t\t\t\t\t\t\t\t<img loading=\"lazy\" decoding=\"async\" width=\"300\" height=\"300\" src=\"https:\/\/www.lecollectifdesfestivals.org\/collectif\/wp-content\/uploads\/2025\/03\/Logo-Livre-et-lecture-en-Bretagne-Noir-300x300.png\" class=\"attachment-medium size-medium wp-image-28606\" alt=\"\" srcset=\"https:\/\/www.lecollectifdesfestivals.org\/collectif\/wp-content\/uploads\/2025\/03\/Logo-Livre-et-lecture-en-Bretagne-Noir-300x300.png 300w, https:\/\/www.lecollectifdesfestivals.org\/collectif\/wp-content\/uploads\/2025\/03\/Logo-Livre-et-lecture-en-Bretagne-Noir-150x150.png 150w, https:\/\/www.lecollectifdesfestivals.org\/collectif\/wp-content\/uploads\/2025\/03\/Logo-Livre-et-lecture-en-Bretagne-Noir.png 591w\" sizes=\"(max-width: 300px) 100vw, 300px\" \/>\t\t\t\t\t\t\t\t\t\t\t\t\t\t<\/div>\n\t\t\t\t\t\t<\/div>\n\t\t\t\t<\/div>\n\t\t\t\t\t\t<\/div>\n\t\t\t\t\t<\/div>\n\t\t<\/div>\n\t\t\t\t<div class=\"elementor-column elementor-col-20 elementor-top-column elementor-element elementor-element-c2815da\" data-id=\"c2815da\" data-element_type=\"column\">\n\t\t\t<div class=\"elementor-column-wrap elementor-element-populated\">\n\t\t\t\t\t\t\t<div class=\"elementor-widget-wrap\">\n\t\t\t\t\t\t<div class=\"elementor-element elementor-element-0efd801 elementor-widget elementor-widget-image\" data-id=\"0efd801\" data-element_type=\"widget\" data-widget_type=\"image.default\">\n\t\t\t\t<div class=\"elementor-widget-container\">\n\t\t\t\t\t\t\t\t<div class=\"elementor-image\">\n\t\t\t\t\t\t\t\t\t\t\t\t<img loading=\"lazy\" decoding=\"async\" width=\"1024\" height=\"819\" src=\"https:\/\/www.lecollectifdesfestivals.org\/collectif\/wp-content\/uploads\/2021\/09\/Supermab--1024x819.png\" class=\"attachment-large size-large wp-image-15588\" alt=\"\" srcset=\"https:\/\/www.lecollectifdesfestivals.org\/collectif\/wp-content\/uploads\/2021\/09\/Supermab--1024x819.png 1024w, https:\/\/www.lecollectifdesfestivals.org\/collectif\/wp-content\/uploads\/2021\/09\/Supermab--300x240.png 300w, https:\/\/www.lecollectifdesfestivals.org\/collectif\/wp-content\/uploads\/2021\/09\/Supermab--768x615.png 768w, https:\/\/www.lecollectifdesfestivals.org\/collectif\/wp-content\/uploads\/2021\/09\/Supermab--1536x1229.png 1536w, https:\/\/www.lecollectifdesfestivals.org\/collectif\/wp-content\/uploads\/2021\/09\/Supermab-.png 2048w\" sizes=\"(max-width: 1024px) 100vw, 1024px\" \/>\t\t\t\t\t\t\t\t\t\t\t\t\t\t<\/div>\n\t\t\t\t\t\t<\/div>\n\t\t\t\t<\/div>\n\t\t\t\t\t\t<\/div>\n\t\t\t\t\t<\/div>\n\t\t<\/div>\n\t\t\t\t<div class=\"elementor-column elementor-col-20 elementor-top-column elementor-element elementor-element-df1b727\" data-id=\"df1b727\" data-element_type=\"column\">\n\t\t\t<div class=\"elementor-column-wrap elementor-element-populated\">\n\t\t\t\t\t\t\t<div class=\"elementor-widget-wrap\">\n\t\t\t\t\t\t<div class=\"elementor-element elementor-element-42a8508 elementor-widget elementor-widget-image\" data-id=\"42a8508\" data-element_type=\"widget\" data-widget_type=\"image.default\">\n\t\t\t\t<div class=\"elementor-widget-container\">\n\t\t\t\t\t\t\t\t<div class=\"elementor-image\">\n\t\t\t\t\t\t\t\t\t\t\t\t<img decoding=\"async\" src=\"https:\/\/www.lecollectifdesfestivals.org\/collectif\/wp-content\/uploads\/elementor\/thumbs\/SVB-logo-noir-EXE-rl9vfsyfelj6u43m4dx1i5jukoioz4zb9yowbcedw6.jpg\" title=\"SVB-logo-noir-EXE\" alt=\"SVB-logo-noir-EXE\" loading=\"lazy\" \/>\t\t\t\t\t\t\t\t\t\t\t\t\t\t<\/div>\n\t\t\t\t\t\t<\/div>\n\t\t\t\t<\/div>\n\t\t\t\t\t\t<\/div>\n\t\t\t\t\t<\/div>\n\t\t<\/div>\n\t\t\t\t<div class=\"elementor-column elementor-col-20 elementor-top-column elementor-element elementor-element-0846067\" data-id=\"0846067\" data-element_type=\"column\">\n\t\t\t<div class=\"elementor-column-wrap elementor-element-populated\">\n\t\t\t\t\t\t\t<div class=\"elementor-widget-wrap\">\n\t\t\t\t\t\t<div class=\"elementor-element elementor-element-ff0c45f elementor-widget elementor-widget-image\" data-id=\"ff0c45f\" data-element_type=\"widget\" data-widget_type=\"image.default\">\n\t\t\t\t<div class=\"elementor-widget-container\">\n\t\t\t\t\t\t\t\t<div class=\"elementor-image\">\n\t\t\t\t\t\t\t\t\t\t\t\t<img loading=\"lazy\" decoding=\"async\" width=\"768\" height=\"432\" src=\"https:\/\/www.lecollectifdesfestivals.org\/collectif\/wp-content\/uploads\/2025\/03\/logo-tammkreiz.png\" class=\"attachment-large size-large wp-image-28615\" alt=\"\" srcset=\"https:\/\/www.lecollectifdesfestivals.org\/collectif\/wp-content\/uploads\/2025\/03\/logo-tammkreiz.png 768w, https:\/\/www.lecollectifdesfestivals.org\/collectif\/wp-content\/uploads\/2025\/03\/logo-tammkreiz-300x169.png 300w\" sizes=\"(max-width: 768px) 100vw, 768px\" \/>\t\t\t\t\t\t\t\t\t\t\t\t\t\t<\/div>\n\t\t\t\t\t\t<\/div>\n\t\t\t\t<\/div>\n\t\t\t\t\t\t<\/div>\n\t\t\t\t\t<\/div>\n\t\t<\/div>\n\t\t\t\t\t\t\t\t<\/div>\n\t\t\t\t\t<\/div>\n\t\t<\/section>\n\t\t\t\t<section class=\"elementor-section elementor-top-section elementor-element elementor-element-8133182 elementor-section-boxed elementor-section-height-default elementor-section-height-default\" data-id=\"8133182\" data-element_type=\"section\">\n\t\t\t\t\t\t<div class=\"elementor-container elementor-column-gap-default\">\n\t\t\t\t\t\t\t<div class=\"elementor-row\">\n\t\t\t\t\t<div class=\"elementor-column elementor-col-100 elementor-top-column elementor-element elementor-element-28914b7\" data-id=\"28914b7\" data-element_type=\"column\">\n\t\t\t<div class=\"elementor-column-wrap elementor-element-populated\">\n\t\t\t\t\t\t\t<div class=\"elementor-widget-wrap\">\n\t\t\t\t\t\t<div class=\"elementor-element elementor-element-2fd2227 elementor-widget elementor-widget-spacer\" data-id=\"2fd2227\" data-element_type=\"widget\" data-widget_type=\"spacer.default\">\n\t\t\t\t<div class=\"elementor-widget-container\">\n\t\t\t\t\t<div class=\"elementor-spacer\">\n\t\t\t<div class=\"elementor-spacer-inner\"><\/div>\n\t\t<\/div>\n\t\t\t\t<\/div>\n\t\t\t\t<\/div>\n\t\t\t\t\t\t<\/div>\n\t\t\t\t\t<\/div>\n\t\t<\/div>\n\t\t\t\t\t\t\t\t<\/div>\n\t\t\t\t\t<\/div>\n\t\t<\/section>\n\t\t\t\t\t\t\t\t\t<\/div>\n\t\t\t<\/div>\n\t\t\t\t\t<\/div>\n\t\t","protected":false},"excerpt":{"rendered":"<p>Archipel culturel Ce groupe de travail d\u2019une vingtaine de membres, incarne la dynamique collective que l\u2019on souhaite donner \u00e0 notre mission d\u2019accompagnement des r\u00e9seaux culture \u00e0 la transition socio-\u00e9cologique. En offrant un espace d\u2019interconnaissance, de partage des ressources et de coordination de projets communs, il doit nous permettre de travailler de mani\u00e8re transversale et coop\u00e9rative&hellip;&nbsp;<a href=\"https:\/\/www.lecollectifdesfestivals.org\/collectif\/archipel-culturel\/\" class=\"\" rel=\"bookmark\">Lire la suite &raquo;<span class=\"screen-reader-text\">Le Groupe de travail r\u00e9seaux culture en Bretagne &#038; transition socio-\u00e9cologique<\/span><\/a><\/p>\n","protected":false},"author":1,"featured_media":0,"parent":0,"menu_order":0,"comment_status":"closed","ping_status":"closed","template":"elementor_header_footer","meta":{"neve_meta_sidebar":"","neve_meta_container":"","neve_meta_enable_content_width":"","neve_meta_content_width":0,"neve_meta_title_alignment":"","neve_meta_author_avatar":"","neve_post_elements_order":"","neve_meta_disable_header":"","neve_meta_disable_footer":"","neve_meta_disable_title":"","footnotes":""},"yoast_head":"<!-- This site is optimized with the Yoast SEO plugin v22.4 - https:\/\/yoast.com\/wordpress\/plugins\/seo\/ -->\n<title>Le Groupe de travail r\u00e9seaux culture en Bretagne &amp; transition socio-\u00e9cologique &#8226; Le Collectif des festivals<\/title>\n<meta name=\"description\" content=\"Le Collectif des festivals accompagne les organisateurs de festivals de Bretagne dans leurs d\u00e9marches de d\u00e9veloppement durable et solidaire.\" \/>\n<meta name=\"robots\" content=\"index, follow, max-snippet:-1, max-image-preview:large, max-video-preview:-1\" \/>\n<link rel=\"canonical\" href=\"https:\/\/www.lecollectifdesfestivals.org\/collectif\/archipel-culturel\/\" \/>\n<meta property=\"og:locale\" content=\"fr_FR\" \/>\n<meta property=\"og:type\" content=\"article\" \/>\n<meta property=\"og:title\" content=\"Le Groupe de travail r\u00e9seaux culture en Bretagne &amp; transition socio-\u00e9cologique &#8226; Le Collectif des festivals\" \/>\n<meta property=\"og:description\" content=\"Le Collectif des festivals accompagne les organisateurs de festivals de Bretagne dans leurs d\u00e9marches de d\u00e9veloppement durable et solidaire.\" \/>\n<meta property=\"og:url\" content=\"https:\/\/www.lecollectifdesfestivals.org\/collectif\/archipel-culturel\/\" \/>\n<meta property=\"og:site_name\" content=\"Le Collectif des festivals\" \/>\n<meta property=\"article:publisher\" content=\"https:\/\/www.facebook.com\/LeCollectifDesFestivals\/\" \/>\n<meta property=\"article:modified_time\" content=\"2026-03-30T14:30:13+00:00\" \/>\n<meta property=\"og:image\" content=\"https:\/\/www.lecollectifdesfestivals.org\/collectif\/wp-content\/uploads\/2025\/03\/logoacb_3-300x100.jpg\" \/>\n<meta name=\"twitter:card\" content=\"summary_large_image\" \/>\n<meta name=\"twitter:site\" content=\"@CollFestivals\" \/>\n<meta name=\"twitter:label1\" content=\"Dur\u00e9e de lecture estim\u00e9e\" \/>\n\t<meta name=\"twitter:data1\" content=\"5 minutes\" \/>\n<script type=\"application\/ld+json\" class=\"yoast-schema-graph\">{\"@context\":\"https:\/\/schema.org\",\"@graph\":[{\"@type\":\"WebPage\",\"@id\":\"https:\/\/www.lecollectifdesfestivals.org\/collectif\/archipel-culturel\/\",\"url\":\"https:\/\/www.lecollectifdesfestivals.org\/collectif\/archipel-culturel\/\",\"name\":\"Le Groupe de travail r\u00e9seaux culture en Bretagne & transition socio-\u00e9cologique &#8226; Le Collectif des festivals\",\"isPartOf\":{\"@id\":\"https:\/\/www.lecollectifdesfestivals.org\/collectif\/#website\"},\"primaryImageOfPage\":{\"@id\":\"https:\/\/www.lecollectifdesfestivals.org\/collectif\/archipel-culturel\/#primaryimage\"},\"image\":{\"@id\":\"https:\/\/www.lecollectifdesfestivals.org\/collectif\/archipel-culturel\/#primaryimage\"},\"thumbnailUrl\":\"https:\/\/www.lecollectifdesfestivals.org\/collectif\/wp-content\/uploads\/2025\/03\/logoacb_3-300x100.jpg\",\"datePublished\":\"2025-03-14T15:33:18+00:00\",\"dateModified\":\"2026-03-30T14:30:13+00:00\",\"description\":\"Le Collectif des festivals accompagne les organisateurs de festivals de Bretagne dans leurs d\u00e9marches de d\u00e9veloppement durable et solidaire.\",\"breadcrumb\":{\"@id\":\"https:\/\/www.lecollectifdesfestivals.org\/collectif\/archipel-culturel\/#breadcrumb\"},\"inLanguage\":\"fr-FR\",\"potentialAction\":[{\"@type\":\"ReadAction\",\"target\":[\"https:\/\/www.lecollectifdesfestivals.org\/collectif\/archipel-culturel\/\"]}]},{\"@type\":\"ImageObject\",\"inLanguage\":\"fr-FR\",\"@id\":\"https:\/\/www.lecollectifdesfestivals.org\/collectif\/archipel-culturel\/#primaryimage\",\"url\":\"https:\/\/www.lecollectifdesfestivals.org\/collectif\/wp-content\/uploads\/2025\/03\/logoacb_3.jpg\",\"contentUrl\":\"https:\/\/www.lecollectifdesfestivals.org\/collectif\/wp-content\/uploads\/2025\/03\/logoacb_3.jpg\",\"width\":767,\"height\":256},{\"@type\":\"BreadcrumbList\",\"@id\":\"https:\/\/www.lecollectifdesfestivals.org\/collectif\/archipel-culturel\/#breadcrumb\",\"itemListElement\":[{\"@type\":\"ListItem\",\"position\":1,\"name\":\"Accueil\",\"item\":\"https:\/\/www.lecollectifdesfestivals.org\/collectif\/\"},{\"@type\":\"ListItem\",\"position\":2,\"name\":\"Le Groupe de travail r\u00e9seaux culture en Bretagne &#038; transition socio-\u00e9cologique\"}]},{\"@type\":\"WebSite\",\"@id\":\"https:\/\/www.lecollectifdesfestivals.org\/collectif\/#website\",\"url\":\"https:\/\/www.lecollectifdesfestivals.org\/collectif\/\",\"name\":\"Le Collectif des festivals\",\"description\":\"Depuis 2005,  le Collectif des festivals accompagne les transitions sociale et \u00e9cologique de la culture\",\"potentialAction\":[{\"@type\":\"SearchAction\",\"target\":{\"@type\":\"EntryPoint\",\"urlTemplate\":\"https:\/\/www.lecollectifdesfestivals.org\/collectif\/?s={search_term_string}\"},\"query-input\":\"required name=search_term_string\"}],\"inLanguage\":\"fr-FR\"}]}<\/script>\n<!-- \/ Yoast SEO plugin. -->","yoast_head_json":{"title":"Le Groupe de travail r\u00e9seaux culture en Bretagne & transition socio-\u00e9cologique &#8226; Le Collectif des festivals","description":"Le Collectif des festivals accompagne les organisateurs de festivals de Bretagne dans leurs d\u00e9marches de d\u00e9veloppement durable et solidaire.","robots":{"index":"index","follow":"follow","max-snippet":"max-snippet:-1","max-image-preview":"max-image-preview:large","max-video-preview":"max-video-preview:-1"},"canonical":"https:\/\/www.lecollectifdesfestivals.org\/collectif\/archipel-culturel\/","og_locale":"fr_FR","og_type":"article","og_title":"Le Groupe de travail r\u00e9seaux culture en Bretagne & transition socio-\u00e9cologique &#8226; Le Collectif des festivals","og_description":"Le Collectif des festivals accompagne les organisateurs de festivals de Bretagne dans leurs d\u00e9marches de d\u00e9veloppement durable et solidaire.","og_url":"https:\/\/www.lecollectifdesfestivals.org\/collectif\/archipel-culturel\/","og_site_name":"Le Collectif des festivals","article_publisher":"https:\/\/www.facebook.com\/LeCollectifDesFestivals\/","article_modified_time":"2026-03-30T14:30:13+00:00","og_image":[{"url":"https:\/\/www.lecollectifdesfestivals.org\/collectif\/wp-content\/uploads\/2025\/03\/logoacb_3-300x100.jpg"}],"twitter_card":"summary_large_image","twitter_site":"@CollFestivals","twitter_misc":{"Dur\u00e9e de lecture estim\u00e9e":"5 minutes"},"schema":{"@context":"https:\/\/schema.org","@graph":[{"@type":"WebPage","@id":"https:\/\/www.lecollectifdesfestivals.org\/collectif\/archipel-culturel\/","url":"https:\/\/www.lecollectifdesfestivals.org\/collectif\/archipel-culturel\/","name":"Le Groupe de travail r\u00e9seaux culture en Bretagne & transition socio-\u00e9cologique &#8226; Le Collectif des festivals","isPartOf":{"@id":"https:\/\/www.lecollectifdesfestivals.org\/collectif\/#website"},"primaryImageOfPage":{"@id":"https:\/\/www.lecollectifdesfestivals.org\/collectif\/archipel-culturel\/#primaryimage"},"image":{"@id":"https:\/\/www.lecollectifdesfestivals.org\/collectif\/archipel-culturel\/#primaryimage"},"thumbnailUrl":"https:\/\/www.lecollectifdesfestivals.org\/collectif\/wp-content\/uploads\/2025\/03\/logoacb_3-300x100.jpg","datePublished":"2025-03-14T15:33:18+00:00","dateModified":"2026-03-30T14:30:13+00:00","description":"Le Collectif des festivals accompagne les organisateurs de festivals de Bretagne dans leurs d\u00e9marches de d\u00e9veloppement durable et solidaire.","breadcrumb":{"@id":"https:\/\/www.lecollectifdesfestivals.org\/collectif\/archipel-culturel\/#breadcrumb"},"inLanguage":"fr-FR","potentialAction":[{"@type":"ReadAction","target":["https:\/\/www.lecollectifdesfestivals.org\/collectif\/archipel-culturel\/"]}]},{"@type":"ImageObject","inLanguage":"fr-FR","@id":"https:\/\/www.lecollectifdesfestivals.org\/collectif\/archipel-culturel\/#primaryimage","url":"https:\/\/www.lecollectifdesfestivals.org\/collectif\/wp-content\/uploads\/2025\/03\/logoacb_3.jpg","contentUrl":"https:\/\/www.lecollectifdesfestivals.org\/collectif\/wp-content\/uploads\/2025\/03\/logoacb_3.jpg","width":767,"height":256},{"@type":"BreadcrumbList","@id":"https:\/\/www.lecollectifdesfestivals.org\/collectif\/archipel-culturel\/#breadcrumb","itemListElement":[{"@type":"ListItem","position":1,"name":"Accueil","item":"https:\/\/www.lecollectifdesfestivals.org\/collectif\/"},{"@type":"ListItem","position":2,"name":"Le Groupe de travail r\u00e9seaux culture en Bretagne &#038; transition socio-\u00e9cologique"}]},{"@type":"WebSite","@id":"https:\/\/www.lecollectifdesfestivals.org\/collectif\/#website","url":"https:\/\/www.lecollectifdesfestivals.org\/collectif\/","name":"Le Collectif des festivals","description":"Depuis 2005,  le Collectif des festivals accompagne les transitions sociale et \u00e9cologique de la culture","potentialAction":[{"@type":"SearchAction","target":{"@type":"EntryPoint","urlTemplate":"https:\/\/www.lecollectifdesfestivals.org\/collectif\/?s={search_term_string}"},"query-input":"required name=search_term_string"}],"inLanguage":"fr-FR"}]}},"_links":{"self":[{"href":"https:\/\/www.lecollectifdesfestivals.org\/collectif\/wp-json\/wp\/v2\/pages\/28536"}],"collection":[{"href":"https:\/\/www.lecollectifdesfestivals.org\/collectif\/wp-json\/wp\/v2\/pages"}],"about":[{"href":"https:\/\/www.lecollectifdesfestivals.org\/collectif\/wp-json\/wp\/v2\/types\/page"}],"author":[{"embeddable":true,"href":"https:\/\/www.lecollectifdesfestivals.org\/collectif\/wp-json\/wp\/v2\/users\/1"}],"replies":[{"embeddable":true,"href":"https:\/\/www.lecollectifdesfestivals.org\/collectif\/wp-json\/wp\/v2\/comments?post=28536"}],"version-history":[{"count":3,"href":"https:\/\/www.lecollectifdesfestivals.org\/collectif\/wp-json\/wp\/v2\/pages\/28536\/revisions"}],"predecessor-version":[{"id":31442,"href":"https:\/\/www.lecollectifdesfestivals.org\/collectif\/wp-json\/wp\/v2\/pages\/28536\/revisions\/31442"}],"wp:attachment":[{"href":"https:\/\/www.lecollectifdesfestivals.org\/collectif\/wp-json\/wp\/v2\/media?parent=28536"}],"curies":[{"name":"wp","href":"https:\/\/api.w.org\/{rel}","templated":true}]}}