{"id":7023,"date":"2015-03-12T14:19:56","date_gmt":"2015-03-12T13:19:56","guid":{"rendered":"http:\/\/www.lecollectifdesfestivals.org\/collectif\/?page_id=7023"},"modified":"2023-10-26T15:33:17","modified_gmt":"2023-10-26T13:33:17","slug":"emploi","status":"publish","type":"page","link":"https:\/\/www.lecollectifdesfestivals.org\/collectif\/emploi\/","title":{"rendered":"Emploi"},"content":{"rendered":"\t\t<div data-elementor-type=\"wp-page\" data-elementor-id=\"7023\" class=\"elementor elementor-7023\">\n\t\t\t\t\t\t<div class=\"elementor-inner\">\n\t\t\t\t<div class=\"elementor-section-wrap\">\n\t\t\t\t\t\t\t\t\t<section class=\"elementor-section elementor-top-section elementor-element elementor-element-5bc6b9b elementor-section-boxed elementor-section-height-default elementor-section-height-default\" data-id=\"5bc6b9b\" data-element_type=\"section\">\n\t\t\t\t\t\t<div class=\"elementor-container elementor-column-gap-default\">\n\t\t\t\t\t\t\t<div class=\"elementor-row\">\n\t\t\t\t\t<div class=\"elementor-column elementor-col-100 elementor-top-column elementor-element elementor-element-d511737\" data-id=\"d511737\" data-element_type=\"column\">\n\t\t\t<div class=\"elementor-column-wrap elementor-element-populated\">\n\t\t\t\t\t\t\t<div class=\"elementor-widget-wrap\">\n\t\t\t\t\t\t<div class=\"elementor-element elementor-element-ecb30ec elementor-widget elementor-widget-spacer\" data-id=\"ecb30ec\" data-element_type=\"widget\" data-widget_type=\"spacer.default\">\n\t\t\t\t<div class=\"elementor-widget-container\">\n\t\t\t\t\t<div class=\"elementor-spacer\">\n\t\t\t<div class=\"elementor-spacer-inner\"><\/div>\n\t\t<\/div>\n\t\t\t\t<\/div>\n\t\t\t\t<\/div>\n\t\t\t\t\t\t<\/div>\n\t\t\t\t\t<\/div>\n\t\t<\/div>\n\t\t\t\t\t\t\t\t<\/div>\n\t\t\t\t\t<\/div>\n\t\t<\/section>\n\t\t\t\t<section class=\"elementor-section elementor-top-section elementor-element elementor-element-2159236 elementor-section-boxed elementor-section-height-default elementor-section-height-default\" data-id=\"2159236\" data-element_type=\"section\">\n\t\t\t\t\t\t<div class=\"elementor-container elementor-column-gap-default\">\n\t\t\t\t\t\t\t<div class=\"elementor-row\">\n\t\t\t\t\t<div class=\"elementor-column elementor-col-100 elementor-top-column elementor-element elementor-element-9cfe735\" data-id=\"9cfe735\" data-element_type=\"column\">\n\t\t\t<div class=\"elementor-column-wrap\">\n\t\t\t\t\t\t\t<div class=\"elementor-widget-wrap\">\n\t\t\t\t\t\t\t\t<\/div>\n\t\t\t\t\t<\/div>\n\t\t<\/div>\n\t\t\t\t\t\t\t\t<\/div>\n\t\t\t\t\t<\/div>\n\t\t<\/section>\n\t\t\t\t<section class=\"elementor-section elementor-top-section elementor-element elementor-element-8e93f8a elementor-section-content-middle elementor-section-boxed elementor-section-height-default elementor-section-height-default\" data-id=\"8e93f8a\" data-element_type=\"section\" data-settings=\"{&quot;background_background&quot;:&quot;classic&quot;}\">\n\t\t\t\t\t\t<div class=\"elementor-container elementor-column-gap-wide\">\n\t\t\t\t\t\t\t<div class=\"elementor-row\">\n\t\t\t\t\t<div class=\"elementor-column elementor-col-100 elementor-top-column elementor-element elementor-element-e7be799\" data-id=\"e7be799\" data-element_type=\"column\" data-settings=\"{&quot;background_background&quot;:&quot;classic&quot;}\">\n\t\t\t<div class=\"elementor-column-wrap elementor-element-populated\">\n\t\t\t\t\t\t\t<div class=\"elementor-widget-wrap\">\n\t\t\t\t\t\t<div class=\"elementor-element elementor-element-1fec474 elementor-widget elementor-widget-heading\" data-id=\"1fec474\" data-element_type=\"widget\" data-widget_type=\"heading.default\">\n\t\t\t\t<div class=\"elementor-widget-container\">\n\t\t\t<h1 class=\"elementor-heading-title elementor-size-default\">OFFRES d'EMPLOI<\/h1>\t\t<\/div>\n\t\t\t\t<\/div>\n\t\t\t\t<div class=\"elementor-element elementor-element-8730574 elementor-widget elementor-widget-text-editor\" data-id=\"8730574\" data-element_type=\"widget\" data-widget_type=\"text-editor.default\">\n\t\t\t\t<div class=\"elementor-widget-container\">\n\t\t\t\t\t\t\t\t<div class=\"elementor-text-editor elementor-clearfix\">\n\t\t\t\t<p>Pour diffuser votre offre d&#8217;emploi, merci d&rsquo;envoyer un mail \u00e0 <a href=\"mailto:emilie.cherbonnel@lecollectifdesfestivals.org\">emilie.cherbonnel@lecollectifdesfestivals.org<\/a>\u00a0<\/p><p>D&rsquo;autres sites ressources pour la recherche d&#8217;emploi :<br \/>&#8211; <a href=\"https:\/\/www.spectacle-vivant-bretagne.fr\/rechercher\/?q=&#038;in=classified\" target=\"_blank\" rel=\"noopener noreferrer\">Spectacle Vivant en Bretagne<\/a><br \/>&#8211; <a href=\"https:\/\/www.ess-bretagne.org\/decouvrir\/travailler-dans-less\/trouver-une-offre-demploi\" target=\"_blank\" rel=\"noopener noreferrer\">Portail de l&rsquo;\u00e9conomie sociale et solidaire en Bretagne<\/a><br \/>&#8211; <a href=\"https:\/\/www.cnmwork.fr\/\" target=\"_blank\" rel=\"noopener noreferrer\">CNMwork<\/a><\/p>\t\t\t\t\t<\/div>\n\t\t\t\t\t\t<\/div>\n\t\t\t\t<\/div>\n\t\t\t\t<div class=\"elementor-element elementor-element-733b71a elementor-widget elementor-widget-wp-widget-wpgb_grid\" data-id=\"733b71a\" data-element_type=\"widget\" data-widget_type=\"wp-widget-wpgb_grid.default\">\n\t\t\t\t<div class=\"elementor-widget-container\">\n\t\t\t<!-- Gridbuilder \u1d42\u1d3e Plugin (https:\/\/wpgridbuilder.com) -->\n<div class=\"wp-grid-builder wpgb-grid-8 emploi\" data-options=\"{&quot;id&quot;:8,&quot;type&quot;:&quot;masonry&quot;,&quot;source&quot;:&quot;post_type&quot;,&quot;loader&quot;:0,&quot;layout&quot;:&quot;vertical&quot;,&quot;reveal&quot;:0,&quot;isMainQuery&quot;:false,&quot;lazyLoad&quot;:0,&quot;cardSizes&quot;:{&quot;9999&quot;:{&quot;columns&quot;:3,&quot;height&quot;:240,&quot;gutter&quot;:20,&quot;ratio&quot;:&quot;1.33333&quot;},&quot;1200&quot;:{&quot;columns&quot;:3,&quot;height&quot;:240,&quot;gutter&quot;:10,&quot;ratio&quot;:&quot;1.33333&quot;},&quot;992&quot;:{&quot;columns&quot;:2,&quot;height&quot;:220,&quot;gutter&quot;:10,&quot;ratio&quot;:&quot;1.33333&quot;},&quot;768&quot;:{&quot;columns&quot;:2,&quot;height&quot;:220,&quot;gutter&quot;:10,&quot;ratio&quot;:&quot;1.33333&quot;},&quot;576&quot;:{&quot;columns&quot;:1,&quot;height&quot;:200,&quot;gutter&quot;:10,&quot;ratio&quot;:&quot;1.33333&quot;},&quot;320&quot;:{&quot;columns&quot;:1,&quot;height&quot;:200,&quot;gutter&quot;:10,&quot;ratio&quot;:&quot;1.33333&quot;}},&quot;fitRows&quot;:0,&quot;equalRows&quot;:0,&quot;equalColumns&quot;:0,&quot;fillLastRow&quot;:0,&quot;centerLastRow&quot;:0,&quot;horizontalOrder&quot;:0,&quot;fullWidth&quot;:0,&quot;transitionDelay&quot;:100,&quot;gallerySlideshow&quot;:0,&quot;rowsNumber&quot;:1,&quot;slideAlign&quot;:&quot;left&quot;,&quot;groupCells&quot;:1,&quot;draggable&quot;:1,&quot;initialIndex&quot;:0,&quot;contain&quot;:0,&quot;freeScroll&quot;:0,&quot;freeFriction&quot;:&quot;0.075&quot;,&quot;friction&quot;:&quot;0.285&quot;,&quot;attraction&quot;:&quot;0.025&quot;,&quot;autoPlay&quot;:0,&quot;pageDotAriaLabel&quot;:&quot;Point de page %d&quot;,&quot;isPreview&quot;:false,&quot;isGutenberg&quot;:false,&quot;rightToLeft&quot;:false}\"><div class=\"wpgb-svg-icons\" hidden>\n\t<svg viewBox=\"0 0 120 24\" width=\"0\" height=\"0\">\n\t<defs>\n        <polygon id=\"wpgb-star-svg\" points=\"12 2.5 15.1 8.8 22 9.8 17 14.6 18.2 21.5 12 18.3 5.8 21.5 7 14.6 2 9.8 8.9 8.8\"><\/polygon>\n    <\/defs>\n    <symbol id=\"wpgb-rating-stars-svg\">\n        <use xlink:href=\"#wpgb-star-svg\"><\/use>\n        <use xlink:href=\"#wpgb-star-svg\" x=\"24\"><\/use>\n        <use xlink:href=\"#wpgb-star-svg\" x=\"48\"><\/use>\n        <use xlink:href=\"#wpgb-star-svg\" x=\"72\"><\/use>\n        <use xlink:href=\"#wpgb-star-svg\" x=\"96\"><\/use>\n    <\/symbol>\n<\/svg>\n<\/div>\n<div class=\"wpgb-wrapper\">\n\t<div class=\"wpgb-main\">\n\t<div class=\"wpgb-layout\">\n\t<div class=\"wpgb-viewport\">\n\t\t<div class=\"wpgb-masonry\">\n\t\t\t<article class=\"wpgb-card wpgb-card-28 wpgb-post-31181\" data-col=\"1\" data-row=\"1\" data-format=\"standard\"><div class=\"wpgb-card-wrapper\"><div class=\"wpgb-card-inner\"><div class=\"wpgb-card-content wpgb-scheme-dark\"><div class=\"wpgb-card-body\"><div class=\"wpgb-block-2\"><a class=\"wpgb-block-term\" href=\"https:\/\/www.lecollectifdesfestivals.org\/collectif\/tag\/cdd\/\" rel=\"category\" data-id=\"436\">CDD<\/a><a class=\"wpgb-block-term\" href=\"https:\/\/www.lecollectifdesfestivals.org\/collectif\/tag\/rennes\/\" rel=\"category\" data-id=\"437\">Rennes<\/a><\/div><h3 class=\"wpgb-block-3\"><a target=\"_self\" href=\"https:\/\/www.lecollectifdesfestivals.org\/collectif\/2026\/02\/assistant%c2%b7e-administrative-et-de-formation-au-collectif-des-festivals\/\">[Candidatures closes] Assistant\u00b7e administrative et de formation au Collectif des festivals<\/a><\/h3><time class=\"wpgb-block-4\" datetime=\"2026-02-12T15:52:21+01:00\">12 f\u00e9vrier 2026<\/time><\/div><div class=\"wpgb-card-footer\"><a class=\"wpgb-block-7\" href=\"https:\/\/www.lecollectifdesfestivals.org\/collectif\/2026\/02\/assistant%c2%b7e-administrative-et-de-formation-au-collectif-des-festivals\/\">LIRE +<\/a><\/div><\/div><\/div><\/div><\/article><article class=\"wpgb-card wpgb-card-28 wpgb-post-31136\" data-col=\"1\" data-row=\"1\" data-format=\"standard\"><div class=\"wpgb-card-wrapper\"><div class=\"wpgb-card-inner\"><div class=\"wpgb-card-content wpgb-scheme-dark\"><div class=\"wpgb-card-body\"><div class=\"wpgb-block-2\"><a class=\"wpgb-block-term\" href=\"https:\/\/www.lecollectifdesfestivals.org\/collectif\/tag\/cdi\/\" rel=\"category\" data-id=\"438\">CDI<\/a><a class=\"wpgb-block-term\" href=\"https:\/\/www.lecollectifdesfestivals.org\/collectif\/tag\/rennes\/\" rel=\"category\" data-id=\"437\">Rennes<\/a><\/div><h3 class=\"wpgb-block-3\"><a target=\"_self\" href=\"https:\/\/www.lecollectifdesfestivals.org\/collectif\/2026\/02\/regisseur%c2%b7euse-general%c2%b7e-au-jardin-moderne\/\">R\u00e9gisseur\u00b7euse g\u00e9n\u00e9ral\u00b7e au Jardin Moderne<\/a><\/h3><time class=\"wpgb-block-4\" datetime=\"2026-02-03T16:39:20+01:00\">3 f\u00e9vrier 2026<\/time><\/div><div class=\"wpgb-card-footer\"><a class=\"wpgb-block-7\" href=\"https:\/\/www.lecollectifdesfestivals.org\/collectif\/2026\/02\/regisseur%c2%b7euse-general%c2%b7e-au-jardin-moderne\/\">LIRE +<\/a><\/div><\/div><\/div><\/div><\/article><article class=\"wpgb-card wpgb-card-28 wpgb-post-31020\" data-col=\"1\" data-row=\"1\" data-format=\"standard\"><div class=\"wpgb-card-wrapper\"><div class=\"wpgb-card-inner\"><div class=\"wpgb-card-content wpgb-scheme-dark\"><div class=\"wpgb-card-body\"><div class=\"wpgb-block-2\"><a class=\"wpgb-block-term\" href=\"https:\/\/www.lecollectifdesfestivals.org\/collectif\/tag\/la-gacilly\/\" rel=\"category\" data-id=\"451\">La Gacilly<\/a><a class=\"wpgb-block-term\" href=\"https:\/\/www.lecollectifdesfestivals.org\/collectif\/tag\/stage\/\" rel=\"category\" data-id=\"154\">stage<\/a><\/div><h3 class=\"wpgb-block-3\"><a target=\"_self\" href=\"https:\/\/www.lecollectifdesfestivals.org\/collectif\/2026\/01\/assistant%c2%b7e-communication-au-festival-photo-la-gacilly\/\">Assistant\u00b7e communication au Festival Photo La Gacilly<\/a><\/h3><time class=\"wpgb-block-4\" datetime=\"2026-01-19T17:02:21+01:00\">19 janvier 2026<\/time><\/div><div class=\"wpgb-card-footer\"><a class=\"wpgb-block-7\" href=\"https:\/\/www.lecollectifdesfestivals.org\/collectif\/2026\/01\/assistant%c2%b7e-communication-au-festival-photo-la-gacilly\/\">LIRE +<\/a><\/div><\/div><\/div><\/div><\/article><article class=\"wpgb-card wpgb-card-28 wpgb-post-30883\" data-col=\"1\" data-row=\"1\" data-format=\"standard\"><div class=\"wpgb-card-wrapper\"><div class=\"wpgb-card-inner\"><div class=\"wpgb-card-content wpgb-scheme-dark\"><div class=\"wpgb-card-body\"><div class=\"wpgb-block-2\"><a class=\"wpgb-block-term\" href=\"https:\/\/www.lecollectifdesfestivals.org\/collectif\/tag\/cdd\/\" rel=\"category\" data-id=\"436\">CDD<\/a><\/div><h3 class=\"wpgb-block-3\"><a target=\"_self\" href=\"https:\/\/www.lecollectifdesfestivals.org\/collectif\/2026\/01\/charge%c2%b7e-de-projet-transition-ecologique-a-la-fraap\/\">Charg\u00e9\u00b7e de projet transition \u00e9cologique \u00e0 la FRAAP<\/a><\/h3><time class=\"wpgb-block-4\" datetime=\"2026-01-06T17:39:58+01:00\">6 janvier 2026<\/time><\/div><div class=\"wpgb-card-footer\"><a class=\"wpgb-block-7\" href=\"https:\/\/www.lecollectifdesfestivals.org\/collectif\/2026\/01\/charge%c2%b7e-de-projet-transition-ecologique-a-la-fraap\/\">LIRE +<\/a><\/div><\/div><\/div><\/div><\/article><article class=\"wpgb-card wpgb-card-28 wpgb-post-30794\" data-col=\"1\" data-row=\"1\" data-format=\"standard\"><div class=\"wpgb-card-wrapper\"><div class=\"wpgb-card-inner\"><div class=\"wpgb-card-content wpgb-scheme-dark\"><div class=\"wpgb-card-body\"><h3 class=\"wpgb-block-3\"><a target=\"_self\" href=\"https:\/\/www.lecollectifdesfestivals.org\/collectif\/2025\/12\/attache%c2%b7e-a-laccueil-a-lantipode\/\">Attach\u00e9\u00b7e \u00e0 l&rsquo;accueil \u00e0 l&rsquo;Antipode<\/a><\/h3><time class=\"wpgb-block-4\" datetime=\"2025-12-11T10:24:20+01:00\">11 d\u00e9cembre 2025<\/time><\/div><div class=\"wpgb-card-footer\"><a class=\"wpgb-block-7\" href=\"https:\/\/www.lecollectifdesfestivals.org\/collectif\/2025\/12\/attache%c2%b7e-a-laccueil-a-lantipode\/\">LIRE +<\/a><\/div><\/div><\/div><\/div><\/article><article class=\"wpgb-card wpgb-card-28 wpgb-post-30792\" data-col=\"1\" data-row=\"1\" data-format=\"standard\"><div class=\"wpgb-card-wrapper\"><div class=\"wpgb-card-inner\"><div class=\"wpgb-card-content wpgb-scheme-dark\"><div class=\"wpgb-card-body\"><div class=\"wpgb-block-2\"><a class=\"wpgb-block-term\" href=\"https:\/\/www.lecollectifdesfestivals.org\/collectif\/tag\/cdi\/\" rel=\"category\" data-id=\"438\">CDI<\/a><a class=\"wpgb-block-term\" href=\"https:\/\/www.lecollectifdesfestivals.org\/collectif\/tag\/rennes\/\" rel=\"category\" data-id=\"437\">Rennes<\/a><\/div><h3 class=\"wpgb-block-3\"><a target=\"_self\" href=\"https:\/\/www.lecollectifdesfestivals.org\/collectif\/2025\/12\/attache%c2%b7e-a-laccueil-des-publics-et-a-la-billetterie-a-lantipode\/\">Attach\u00e9\u00b7e \u00e0 l&rsquo;accueil des publics et \u00e0 la billetterie \u00e0 l&rsquo;Antipode<\/a><\/h3><time class=\"wpgb-block-4\" datetime=\"2025-12-11T09:55:56+01:00\">11 d\u00e9cembre 2025<\/time><\/div><div class=\"wpgb-card-footer\"><a class=\"wpgb-block-7\" href=\"https:\/\/www.lecollectifdesfestivals.org\/collectif\/2025\/12\/attache%c2%b7e-a-laccueil-des-publics-et-a-la-billetterie-a-lantipode\/\">LIRE +<\/a><\/div><\/div><\/div><\/div><\/article><article class=\"wpgb-card wpgb-card-28 wpgb-post-30790\" data-col=\"1\" data-row=\"1\" data-format=\"standard\"><div class=\"wpgb-card-wrapper\"><div class=\"wpgb-card-inner\"><div class=\"wpgb-card-content wpgb-scheme-dark\"><div class=\"wpgb-card-body\"><h3 class=\"wpgb-block-3\"><a target=\"_self\" href=\"https:\/\/www.lecollectifdesfestivals.org\/collectif\/2025\/12\/charge%c2%b7e-de-developpement-territorial-a-la-caverne\/\">Charg\u00e9\u00b7e de d\u00e9veloppement territorial \u00e0 La Caverne<\/a><\/h3><time class=\"wpgb-block-4\" datetime=\"2025-12-11T09:14:28+01:00\">11 d\u00e9cembre 2025<\/time><\/div><div class=\"wpgb-card-footer\"><a class=\"wpgb-block-7\" href=\"https:\/\/www.lecollectifdesfestivals.org\/collectif\/2025\/12\/charge%c2%b7e-de-developpement-territorial-a-la-caverne\/\">LIRE +<\/a><\/div><\/div><\/div><\/div><\/article><article class=\"wpgb-card wpgb-card-28 wpgb-post-30402\" data-col=\"1\" data-row=\"1\" data-format=\"standard\"><div class=\"wpgb-card-wrapper\"><div class=\"wpgb-card-inner\"><div class=\"wpgb-card-content wpgb-scheme-dark\"><div class=\"wpgb-card-body\"><div class=\"wpgb-block-2\"><a class=\"wpgb-block-term\" href=\"https:\/\/www.lecollectifdesfestivals.org\/collectif\/tag\/cdi\/\" rel=\"category\" data-id=\"438\">CDI<\/a><a class=\"wpgb-block-term\" href=\"https:\/\/www.lecollectifdesfestivals.org\/collectif\/tag\/rennes\/\" rel=\"category\" data-id=\"437\">Rennes<\/a><\/div><h3 class=\"wpgb-block-3\"><a target=\"_self\" href=\"https:\/\/www.lecollectifdesfestivals.org\/collectif\/2025\/10\/directeurice-a-electronik\/\">Directeurice \u00e0 Electroni[k]<\/a><\/h3><time class=\"wpgb-block-4\" datetime=\"2025-10-10T13:58:43+02:00\">10 octobre 2025<\/time><\/div><div class=\"wpgb-card-footer\"><a class=\"wpgb-block-7\" href=\"https:\/\/www.lecollectifdesfestivals.org\/collectif\/2025\/10\/directeurice-a-electronik\/\">LIRE +<\/a><\/div><\/div><\/div><\/div><\/article><article class=\"wpgb-card wpgb-card-28 wpgb-post-30391\" data-col=\"1\" data-row=\"1\" data-format=\"standard\"><div class=\"wpgb-card-wrapper\"><div class=\"wpgb-card-inner\"><div class=\"wpgb-card-content wpgb-scheme-dark\"><div class=\"wpgb-card-body\"><div class=\"wpgb-block-2\"><a class=\"wpgb-block-term\" href=\"https:\/\/www.lecollectifdesfestivals.org\/collectif\/tag\/cdi\/\" rel=\"category\" data-id=\"438\">CDI<\/a><a class=\"wpgb-block-term\" href=\"https:\/\/www.lecollectifdesfestivals.org\/collectif\/tag\/rennes\/\" rel=\"category\" data-id=\"437\">Rennes<\/a><\/div><h3 class=\"wpgb-block-3\"><a target=\"_self\" href=\"https:\/\/www.lecollectifdesfestivals.org\/collectif\/2025\/10\/administrateurice-aux-tombees-de-la-nuit\/\">Administrateurice aux Tomb\u00e9es de la Nuit<\/a><\/h3><time class=\"wpgb-block-4\" datetime=\"2025-10-08T16:02:00+02:00\">8 octobre 2025<\/time><\/div><div class=\"wpgb-card-footer\"><a class=\"wpgb-block-7\" href=\"https:\/\/www.lecollectifdesfestivals.org\/collectif\/2025\/10\/administrateurice-aux-tombees-de-la-nuit\/\">LIRE +<\/a><\/div><\/div><\/div><\/div><\/article>\t\t<\/div>\n\t<\/div>\n\t<\/div>\n<div class=\"wpgb-area wpgb-area-bottom-1\">\n\t<div class=\"wpgb-facet wpgb-loading wpgb-facet-8\" data-facet=\"8\" data-grid=\"8\"><nav class=\"wpgb-pagination-facet\" aria-label=\"Navigation\"><ul class=\"wpgb-pagination\"><li class=\"wpgb-page\"><a href=\"https:\/\/www.lecollectifdesfestivals.org\/collectif\/emploi\/?_page=1\" aria-current=\"true\" aria-label=\"Page courante, Page 1\" data-page=\"1\">1<\/a><\/li><li class=\"wpgb-page\"><a href=\"https:\/\/www.lecollectifdesfestivals.org\/collectif\/emploi\/?_page=2\" aria-label=\"Aller \u00e0 la page 2\" data-page=\"2\">2<\/a><\/li><li class=\"wpgb-page\"><a href=\"https:\/\/www.lecollectifdesfestivals.org\/collectif\/emploi\/?_page=3\" aria-label=\"Aller \u00e0 la page 3\" data-page=\"3\">3<\/a><\/li><li class=\"wpgb-page\"><a href=\"https:\/\/www.lecollectifdesfestivals.org\/collectif\/emploi\/?_page=4\" aria-label=\"Aller \u00e0 la page 4\" data-page=\"4\">4<\/a><\/li><li class=\"wpgb-page wpgb-page-next\"><a href=\"https:\/\/www.lecollectifdesfestivals.org\/collectif\/emploi\/?_page=2\" aria-label=\"Aller \u00e0 la page 2\" data-page=\"2\">Next<\/a><\/li><\/ul><\/nav><\/div><\/div>\n\t<\/div>\n\t\t<\/div>\n<\/div>\n\t\t<\/div>\n\t\t\t\t<\/div>\n\t\t\t\t\t\t<\/div>\n\t\t\t\t\t<\/div>\n\t\t<\/div>\n\t\t\t\t\t\t\t\t<\/div>\n\t\t\t\t\t<\/div>\n\t\t<\/section>\n\t\t\t\t<section class=\"elementor-section elementor-top-section elementor-element elementor-element-3da6351 elementor-section-boxed elementor-section-height-default elementor-section-height-default\" data-id=\"3da6351\" data-element_type=\"section\">\n\t\t\t\t\t\t<div class=\"elementor-container elementor-column-gap-default\">\n\t\t\t\t\t\t\t<div class=\"elementor-row\">\n\t\t\t\t\t<div class=\"elementor-column elementor-col-100 elementor-top-column elementor-element elementor-element-9d36a92\" data-id=\"9d36a92\" data-element_type=\"column\">\n\t\t\t<div class=\"elementor-column-wrap\">\n\t\t\t\t\t\t\t<div class=\"elementor-widget-wrap\">\n\t\t\t\t\t\t\t\t<\/div>\n\t\t\t\t\t<\/div>\n\t\t<\/div>\n\t\t\t\t\t\t\t\t<\/div>\n\t\t\t\t\t<\/div>\n\t\t<\/section>\n\t\t\t\t<section class=\"elementor-section elementor-top-section elementor-element elementor-element-fbe49e1 elementor-section-boxed elementor-section-height-default elementor-section-height-default\" data-id=\"fbe49e1\" data-element_type=\"section\">\n\t\t\t\t\t\t<div class=\"elementor-container elementor-column-gap-default\">\n\t\t\t\t\t\t\t<div class=\"elementor-row\">\n\t\t\t\t\t<div class=\"elementor-column elementor-col-100 elementor-top-column elementor-element elementor-element-7c529b5\" data-id=\"7c529b5\" data-element_type=\"column\">\n\t\t\t<div class=\"elementor-column-wrap elementor-element-populated\">\n\t\t\t\t\t\t\t<div class=\"elementor-widget-wrap\">\n\t\t\t\t\t\t<div class=\"elementor-element elementor-element-981bd11 elementor-widget elementor-widget-spacer\" data-id=\"981bd11\" data-element_type=\"widget\" data-widget_type=\"spacer.default\">\n\t\t\t\t<div class=\"elementor-widget-container\">\n\t\t\t\t\t<div class=\"elementor-spacer\">\n\t\t\t<div class=\"elementor-spacer-inner\"><\/div>\n\t\t<\/div>\n\t\t\t\t<\/div>\n\t\t\t\t<\/div>\n\t\t\t\t\t\t<\/div>\n\t\t\t\t\t<\/div>\n\t\t<\/div>\n\t\t\t\t\t\t\t\t<\/div>\n\t\t\t\t\t<\/div>\n\t\t<\/section>\n\t\t\t\t\t\t\t\t\t<\/div>\n\t\t\t<\/div>\n\t\t\t\t\t<\/div>\n\t\t","protected":false},"excerpt":{"rendered":"<p>OFFRES d&rsquo;EMPLOI Pour diffuser votre offre d&#8217;emploi, merci d&rsquo;envoyer un mail \u00e0 emilie.cherbonnel@lecollectifdesfestivals.org\u00a0 D&rsquo;autres sites ressources pour la recherche d&#8217;emploi :&#8211; Spectacle Vivant en Bretagne&#8211; Portail de l&rsquo;\u00e9conomie sociale et solidaire en Bretagne&#8211; CNMwork<\/p>\n","protected":false},"author":1,"featured_media":0,"parent":0,"menu_order":0,"comment_status":"closed","ping_status":"closed","template":"page-templates\/template-pagebuilder-full-width.php","meta":{"neve_meta_sidebar":"","neve_meta_container":"","neve_meta_enable_content_width":"off","neve_meta_content_width":0,"neve_meta_title_alignment":"","neve_meta_author_avatar":"","neve_post_elements_order":"","neve_meta_disable_header":"","neve_meta_disable_footer":"","neve_meta_disable_title":"on","footnotes":""},"class_list":["post-7023","page","type-page","status-publish","hentry"],"yoast_head":"<!-- This site is optimized with the Yoast SEO plugin v27.4 - https:\/\/yoast.com\/product\/yoast-seo-wordpress\/ -->\n<title>Emploi &#8226; Le Collectif des festivals<\/title>\n<meta name=\"description\" content=\"Le Collectif des festivals accompagne les organisateurs de festivals de Bretagne dans leurs d\u00e9marches de d\u00e9veloppement durable et solidaire.\" \/>\n<meta name=\"robots\" content=\"index, follow, max-snippet:-1, max-image-preview:large, max-video-preview:-1\" \/>\n<link rel=\"canonical\" href=\"https:\/\/www.lecollectifdesfestivals.org\/collectif\/emploi\/\" \/>\n<meta property=\"og:locale\" content=\"fr_FR\" \/>\n<meta property=\"og:type\" content=\"article\" \/>\n<meta property=\"og:title\" content=\"Emploi &#8226; Le Collectif des festivals\" \/>\n<meta property=\"og:description\" content=\"Le Collectif des festivals accompagne les organisateurs de festivals de Bretagne dans leurs d\u00e9marches de d\u00e9veloppement durable et solidaire.\" \/>\n<meta property=\"og:url\" content=\"https:\/\/www.lecollectifdesfestivals.org\/collectif\/emploi\/\" \/>\n<meta property=\"og:site_name\" content=\"Le Collectif des festivals\" \/>\n<meta property=\"article:publisher\" content=\"https:\/\/www.facebook.com\/LeCollectifDesFestivals\/\" \/>\n<meta property=\"article:modified_time\" content=\"2023-10-26T13:33:17+00:00\" \/>\n<meta name=\"twitter:card\" content=\"summary_large_image\" \/>\n<meta name=\"twitter:site\" content=\"@CollFestivals\" \/>\n<meta name=\"twitter:label1\" content=\"Dur\u00e9e de lecture estim\u00e9e\" \/>\n\t<meta name=\"twitter:data1\" content=\"1 minute\" \/>\n<script type=\"application\/ld+json\" class=\"yoast-schema-graph\">{\"@context\":\"https:\\\/\\\/schema.org\",\"@graph\":[{\"@type\":\"WebPage\",\"@id\":\"https:\\\/\\\/www.lecollectifdesfestivals.org\\\/collectif\\\/emploi\\\/\",\"url\":\"https:\\\/\\\/www.lecollectifdesfestivals.org\\\/collectif\\\/emploi\\\/\",\"name\":\"Emploi &#8226; Le Collectif des festivals\",\"isPartOf\":{\"@id\":\"https:\\\/\\\/www.lecollectifdesfestivals.org\\\/collectif\\\/#website\"},\"datePublished\":\"2015-03-12T13:19:56+00:00\",\"dateModified\":\"2023-10-26T13:33:17+00:00\",\"description\":\"Le Collectif des festivals accompagne les organisateurs de festivals de Bretagne dans leurs d\u00e9marches de d\u00e9veloppement durable et solidaire.\",\"breadcrumb\":{\"@id\":\"https:\\\/\\\/www.lecollectifdesfestivals.org\\\/collectif\\\/emploi\\\/#breadcrumb\"},\"inLanguage\":\"fr-FR\",\"potentialAction\":[{\"@type\":\"ReadAction\",\"target\":[\"https:\\\/\\\/www.lecollectifdesfestivals.org\\\/collectif\\\/emploi\\\/\"]}]},{\"@type\":\"BreadcrumbList\",\"@id\":\"https:\\\/\\\/www.lecollectifdesfestivals.org\\\/collectif\\\/emploi\\\/#breadcrumb\",\"itemListElement\":[{\"@type\":\"ListItem\",\"position\":1,\"name\":\"Accueil\",\"item\":\"https:\\\/\\\/www.lecollectifdesfestivals.org\\\/collectif\\\/\"},{\"@type\":\"ListItem\",\"position\":2,\"name\":\"Emploi\"}]},{\"@type\":\"WebSite\",\"@id\":\"https:\\\/\\\/www.lecollectifdesfestivals.org\\\/collectif\\\/#website\",\"url\":\"https:\\\/\\\/www.lecollectifdesfestivals.org\\\/collectif\\\/\",\"name\":\"Le Collectif des festivals\",\"description\":\"Depuis 2005, le Collectif des festivals accompagne les acteurices culturel\u00b7les dans leurs d\u00e9marches de d\u00e9veloppement durable.\",\"potentialAction\":[{\"@type\":\"SearchAction\",\"target\":{\"@type\":\"EntryPoint\",\"urlTemplate\":\"https:\\\/\\\/www.lecollectifdesfestivals.org\\\/collectif\\\/?s={search_term_string}\"},\"query-input\":{\"@type\":\"PropertyValueSpecification\",\"valueRequired\":true,\"valueName\":\"search_term_string\"}}],\"inLanguage\":\"fr-FR\"}]}<\/script>\n<!-- \/ Yoast SEO plugin. -->","yoast_head_json":{"title":"Emploi &#8226; Le Collectif des festivals","description":"Le Collectif des festivals accompagne les organisateurs de festivals de Bretagne dans leurs d\u00e9marches de d\u00e9veloppement durable et solidaire.","robots":{"index":"index","follow":"follow","max-snippet":"max-snippet:-1","max-image-preview":"max-image-preview:large","max-video-preview":"max-video-preview:-1"},"canonical":"https:\/\/www.lecollectifdesfestivals.org\/collectif\/emploi\/","og_locale":"fr_FR","og_type":"article","og_title":"Emploi &#8226; Le Collectif des festivals","og_description":"Le Collectif des festivals accompagne les organisateurs de festivals de Bretagne dans leurs d\u00e9marches de d\u00e9veloppement durable et solidaire.","og_url":"https:\/\/www.lecollectifdesfestivals.org\/collectif\/emploi\/","og_site_name":"Le Collectif des festivals","article_publisher":"https:\/\/www.facebook.com\/LeCollectifDesFestivals\/","article_modified_time":"2023-10-26T13:33:17+00:00","twitter_card":"summary_large_image","twitter_site":"@CollFestivals","twitter_misc":{"Dur\u00e9e de lecture estim\u00e9e":"1 minute"},"schema":{"@context":"https:\/\/schema.org","@graph":[{"@type":"WebPage","@id":"https:\/\/www.lecollectifdesfestivals.org\/collectif\/emploi\/","url":"https:\/\/www.lecollectifdesfestivals.org\/collectif\/emploi\/","name":"Emploi &#8226; Le Collectif des festivals","isPartOf":{"@id":"https:\/\/www.lecollectifdesfestivals.org\/collectif\/#website"},"datePublished":"2015-03-12T13:19:56+00:00","dateModified":"2023-10-26T13:33:17+00:00","description":"Le Collectif des festivals accompagne les organisateurs de festivals de Bretagne dans leurs d\u00e9marches de d\u00e9veloppement durable et solidaire.","breadcrumb":{"@id":"https:\/\/www.lecollectifdesfestivals.org\/collectif\/emploi\/#breadcrumb"},"inLanguage":"fr-FR","potentialAction":[{"@type":"ReadAction","target":["https:\/\/www.lecollectifdesfestivals.org\/collectif\/emploi\/"]}]},{"@type":"BreadcrumbList","@id":"https:\/\/www.lecollectifdesfestivals.org\/collectif\/emploi\/#breadcrumb","itemListElement":[{"@type":"ListItem","position":1,"name":"Accueil","item":"https:\/\/www.lecollectifdesfestivals.org\/collectif\/"},{"@type":"ListItem","position":2,"name":"Emploi"}]},{"@type":"WebSite","@id":"https:\/\/www.lecollectifdesfestivals.org\/collectif\/#website","url":"https:\/\/www.lecollectifdesfestivals.org\/collectif\/","name":"Le Collectif des festivals","description":"Depuis 2005, le Collectif des festivals accompagne les acteurices culturel\u00b7les dans leurs d\u00e9marches de d\u00e9veloppement durable.","potentialAction":[{"@type":"SearchAction","target":{"@type":"EntryPoint","urlTemplate":"https:\/\/www.lecollectifdesfestivals.org\/collectif\/?s={search_term_string}"},"query-input":{"@type":"PropertyValueSpecification","valueRequired":true,"valueName":"search_term_string"}}],"inLanguage":"fr-FR"}]}},"_links":{"self":[{"href":"https:\/\/www.lecollectifdesfestivals.org\/collectif\/wp-json\/wp\/v2\/pages\/7023","targetHints":{"allow":["GET"]}}],"collection":[{"href":"https:\/\/www.lecollectifdesfestivals.org\/collectif\/wp-json\/wp\/v2\/pages"}],"about":[{"href":"https:\/\/www.lecollectifdesfestivals.org\/collectif\/wp-json\/wp\/v2\/types\/page"}],"author":[{"embeddable":true,"href":"https:\/\/www.lecollectifdesfestivals.org\/collectif\/wp-json\/wp\/v2\/users\/1"}],"replies":[{"embeddable":true,"href":"https:\/\/www.lecollectifdesfestivals.org\/collectif\/wp-json\/wp\/v2\/comments?post=7023"}],"version-history":[{"count":3,"href":"https:\/\/www.lecollectifdesfestivals.org\/collectif\/wp-json\/wp\/v2\/pages\/7023\/revisions"}],"predecessor-version":[{"id":24308,"href":"https:\/\/www.lecollectifdesfestivals.org\/collectif\/wp-json\/wp\/v2\/pages\/7023\/revisions\/24308"}],"wp:attachment":[{"href":"https:\/\/www.lecollectifdesfestivals.org\/collectif\/wp-json\/wp\/v2\/media?parent=7023"}],"curies":[{"name":"wp","href":"https:\/\/api.w.org\/{rel}","templated":true}]}}